{"id":994,"date":"2023-03-22T17:27:07","date_gmt":"2023-03-22T16:27:07","guid":{"rendered":"https:\/\/carenza-brown.com\/project\/institut-francais\/"},"modified":"2025-10-25T18:38:10","modified_gmt":"2025-10-25T16:38:10","slug":"institut-francais","status":"publish","type":"project","link":"https:\/\/carenza-brown.com\/fr\/project\/institut-francais\/","title":{"rendered":"Institut fran\u00e7ais"},"content":{"rendered":"<p>[et_pb_section fb_built=\u00a0\u00bb1&Prime; _builder_version=\u00a0\u00bb4.25.0&Prime; _module_preset=\u00a0\u00bbdefault\u00a0\u00bb global_colors_info=\u00a0\u00bb{}\u00a0\u00bb][et_pb_row _builder_version=\u00a0\u00bb4.24.2&Prime; _module_preset=\u00a0\u00bbdefault\u00a0\u00bb width=\u00a0\u00bb90%\u00a0\u00bb max_width=\u00a0\u00bbnone\u00a0\u00bb global_colors_info=\u00a0\u00bb{}\u00a0\u00bb][et_pb_column type=\u00a0\u00bb4_4&Prime; _builder_version=\u00a0\u00bb4.24.2&Prime; _module_preset=\u00a0\u00bbdefault\u00a0\u00bb global_colors_info=\u00a0\u00bb{}\u00a0\u00bb][et_pb_text _builder_version=\u00a0\u00bb4.24.2&Prime; _module_preset=\u00a0\u00bb0a2d43b3-f9fc-448f-90f0-f4b8a4f1f81c\u00a0\u00bb global_colors_info=\u00a0\u00bb{}\u00a0\u00bb]<\/p>\n<h1><em>Institut fran\u00e7ais<\/em><\/h1>\n<p>[\/et_pb_text][\/et_pb_column][\/et_pb_row][\/et_pb_section][et_pb_section fb_built=\u00a0\u00bb1&Prime; _builder_version=\u00a0\u00bb4.20.2&Prime; _module_preset=\u00a0\u00bbdefault\u00a0\u00bb custom_padding=\u00a0\u00bb2px||7px|||\u00a0\u00bb global_colors_info=\u00a0\u00bb{}\u00a0\u00bb][et_pb_row _builder_version=\u00a0\u00bb4.20.2&Prime; _module_preset=\u00a0\u00bbdefault\u00a0\u00bb custom_padding=\u00a0\u00bb4px||7px|||\u00a0\u00bb global_colors_info=\u00a0\u00bb{}\u00a0\u00bb][et_pb_column type=\u00a0\u00bb4_4&Prime; _builder_version=\u00a0\u00bb4.20.2&Prime; _module_preset=\u00a0\u00bbdefault\u00a0\u00bb global_colors_info=\u00a0\u00bb{}\u00a0\u00bb][et_pb_image src=\u00a0\u00bbhttps:\/\/carenza-brown.com\/wp-content\/uploads\/2023\/03\/Portfolio-institut-francais.jpg\u00a0\u00bb title_text=\u00a0\u00bbPortfolio-institut-francais\u00a0\u00bb _builder_version=\u00a0\u00bb4.20.2&Prime; _module_preset=\u00a0\u00bbdefault\u00a0\u00bb global_colors_info=\u00a0\u00bb{}\u00a0\u00bb][\/et_pb_image][et_pb_accordion closed_toggle_text_color=\u00a0\u00bb#FFFFFF\u00a0\u00bb closed_toggle_background_color=\u00a0\u00bb#000000&Prime; _builder_version=\u00a0\u00bb4.27.4&Prime; _module_preset=\u00a0\u00bbdefault\u00a0\u00bb border_radii=\u00a0\u00bbon|20px|20px|20px|20px\u00a0\u00bb global_colors_info=\u00a0\u00bb{}\u00a0\u00bb][et_pb_accordion_item title=\u00a0\u00bbPR\u00c9SENTATION\u00a0\u00bb _builder_version=\u00a0\u00bb4.25.1&Prime; _module_preset=\u00a0\u00bbdefault\u00a0\u00bb global_colors_info=\u00a0\u00bb{}\u00a0\u00bb open=\u00a0\u00bbon\u00a0\u00bb]<\/p>\n<p>L&rsquo;<strong data-start=\"198\" data-end=\"219\">Institut fran\u00e7ais<\/strong> est une institution culturelle fran\u00e7aise de premier plan avec une mission mondiale : <strong data-start=\"287\" data-end=\"342\">promouvoir la langue fran\u00e7aise et la culture francophone<\/strong> tout en renfor\u00e7ant les \u00e9changes culturels internationaux. Pr\u00e9sent dans <strong data-start=\"407\" data-end=\"429\">plus de 130 pays<\/strong>, il coordonne et soutient <strong data-start=\"459\" data-end=\"578\">l&rsquo;enseignement de la langue fran\u00e7aise, les r\u00e9sidences artistiques, les expositions, les projections de films, les concerts, les conf\u00e9rences et les festivals<\/strong>.<br data-start=\"579\" data-end=\"582\">En tant qu&rsquo;acteur cl\u00e9 de la diplomatie culturelle fran\u00e7aise, l&rsquo;Institut fran\u00e7ais <strong data-start=\"656\" data-end=\"705\">pilote \u00e9galement la coop\u00e9ration linguistique et \u00e9ducative<\/strong> et <strong data-start=\"710\" data-end=\"771\">soutient l&rsquo;\u00e9dition fran\u00e7aise et les industries cr\u00e9atives \u00e0 l&rsquo;\u00e9tranger<\/strong>, favorisant l&rsquo;influence culturelle et la visibilit\u00e9 mondiale. <\/p>\n<p>[\/et_pb_accordion_item][et_pb_accordion_item title=\u00a0\u00bbObjectifs\u00a0\u00bb _builder_version=\u00a0\u00bb4.20.2&Prime; _module_preset=\u00a0\u00bbdefault\u00a0\u00bb global_colors_info=\u00a0\u00bb{}\u00a0\u00bb open=\u00a0\u00bboff\u00a0\u00bb]<\/p>\n<ul>\n<li data-start=\"1020\" data-end=\"1156\">\n<p data-start=\"1022\" data-end=\"1156\"><strong data-start=\"1022\" data-end=\"1063\">D\u00e9velopper la pr\u00e9sence num\u00e9rique internationale<\/strong> et renforcer la <strong data-start=\"1079\" data-end=\"1098\">notori\u00e9t\u00e9 de la marque<\/strong> de l&rsquo;Institut fran\u00e7ais aupr\u00e8s des publics multilingues.<\/p>\n<\/li>\n<li data-start=\"1157\" data-end=\"1298\">\n<p data-start=\"1159\" data-end=\"1298\"><strong data-start=\"1159\" data-end=\"1191\">Promouvoir la programmation culturelle<\/strong> \u00e0 travers une narration en ligne engageante et de haute qualit\u00e9, align\u00e9e sur l&rsquo;identit\u00e9 visuelle et \u00e9ditoriale de la marque.<\/p>\n<\/li>\n<li data-start=\"1299\" data-end=\"1432\">\n<p data-start=\"1301\" data-end=\"1432\"><strong data-start=\"1301\" data-end=\"1333\">Am\u00e9liorer l&rsquo;engagement communautaire<\/strong> sur les plateformes sociales pour accro\u00eetre la participation aux \u00e9v\u00e9nements et renforcer l&rsquo;influence culturelle de la France.<\/p>\n<\/li>\n<\/ul>\n<p>[\/et_pb_accordion_item][et_pb_accordion_item title=\u00a0\u00bbACTIONS DE COMMUNICATION\u00a0\u00bb open=\u00a0\u00bboff\u00a0\u00bb _builder_version=\u00a0\u00bb4.27.4&Prime; _module_preset=\u00a0\u00bbdefault\u00a0\u00bb global_colors_info=\u00a0\u00bb{}\u00a0\u00bb]<\/p>\n<ul>\n<li data-start=\"1469\" data-end=\"1683\">\n<p data-start=\"1471\" data-end=\"1683\"><strong data-start=\"1471\" data-end=\"1504\">Plan de communication strat\u00e9gique :<\/strong> Conception et mise en \u0153uvre d&rsquo;une strat\u00e9gie de communication num\u00e9rique align\u00e9e sur la mission de l&rsquo;Institut fran\u00e7ais, int\u00e9grant la segmentation des audiences, les piliers de contenu et les KPI de performance.<\/p>\n<\/li>\n<li data-start=\"1684\" data-end=\"1864\">\n<p data-start=\"1686\" data-end=\"1864\"><strong data-start=\"1686\" data-end=\"1714\">Gestion des r\u00e9seaux sociaux :<\/strong> Gestion et optimisation des comptes multilingues (Facebook, Instagram, X, LinkedIn), assurant la coh\u00e9rence du ton, la coh\u00e9rence visuelle et le rythme de publication.<\/p>\n<\/li>\n<li data-start=\"1865\" data-end=\"2045\">\n<p data-start=\"1867\" data-end=\"2045\"><strong data-start=\"1867\" data-end=\"1895\">Performance et analytique :<\/strong> R\u00e9alisation d&rsquo;<strong data-start=\"1915\" data-end=\"1960\">audits d\u00e9taill\u00e9s des r\u00e9seaux sociaux et de rapports mensuels<\/strong>, analysant les m\u00e9triques d&rsquo;engagement, de port\u00e9e et de conversion pour guider l&rsquo;am\u00e9lioration continue.<\/p>\n<\/li>\n<li data-start=\"2046\" data-end=\"2205\">\n<p data-start=\"2048\" data-end=\"2205\"><strong data-start=\"2048\" data-end=\"2077\">Couverture d&rsquo;\u00e9v\u00e9nements en temps r\u00e9el :<\/strong> Cr\u00e9ation et publication de contenu sur les r\u00e9seaux sociaux pendant les \u00e9v\u00e9nements culturels pour augmenter la visibilit\u00e9 et l&rsquo;interaction des utilisateurs en temps r\u00e9el.<\/p>\n<\/li>\n<li data-start=\"2206\" data-end=\"2367\">\n<p data-start=\"2208\" data-end=\"2367\"><strong data-start=\"2208\" data-end=\"2236\">Actualisation de l&rsquo;identit\u00e9 visuelle :<\/strong> D\u00e9veloppement d&rsquo;une nouvelle <strong data-start=\"2253\" data-end=\"2282\">identit\u00e9 visuelle Instagram<\/strong> pour moderniser l&rsquo;image de la marque, harmoniser les visuels et am\u00e9liorer la r\u00e9tention de l&rsquo;audience.<\/p>\n<\/li>\n<li data-start=\"2368\" data-end=\"2537\">\n<p data-start=\"2370\" data-end=\"2537\"><strong data-start=\"2370\" data-end=\"2402\">Int\u00e9gration de contenu web :<\/strong> Mise \u00e0 jour et maintenance du <strong data-start=\"2430\" data-end=\"2457\">programme culturel en ligne<\/strong>, am\u00e9lioration de la structure SEO (H1, m\u00e9ta-descriptions, texte alternatif) et de la navigation utilisateur.<\/p>\n<\/li>\n<\/ul>\n<p><span style=\"font-weight: 400;\"><\/span><\/p>\n<p>[\/et_pb_accordion_item][\/et_pb_accordion][\/et_pb_column][\/et_pb_row][et_pb_row column_structure=\u00a0\u00bb1_2,1_2&Prime; _builder_version=\u00a0\u00bb4.20.2&Prime; _module_preset=\u00a0\u00bbdefault\u00a0\u00bb custom_padding=\u00a0\u00bb||20px|||\u00a0\u00bb global_colors_info=\u00a0\u00bb{}\u00a0\u00bb][et_pb_column type=\u00a0\u00bb1_2&Prime; _builder_version=\u00a0\u00bb4.20.2&Prime; _module_preset=\u00a0\u00bbdefault\u00a0\u00bb global_colors_info=\u00a0\u00bb{}\u00a0\u00bb][et_pb_social_media_follow _builder_version=\u00a0\u00bb4.20.2&Prime; _module_preset=\u00a0\u00bbdefault\u00a0\u00bb custom_margin=\u00a0\u00bb||-2px|||\u00a0\u00bb global_colors_info=\u00a0\u00bb{}\u00a0\u00bb][et_pb_social_media_follow_network social_network=\u00a0\u00bbfacebook\u00a0\u00bb url=\u00a0\u00bbhttps:\/\/www.facebook.com\/institutfrancais.pageofficielle\u00a0\u00bb _builder_version=\u00a0\u00bb4.20.2&Prime; _module_preset=\u00a0\u00bbdefault\u00a0\u00bb background_color=\u00a0\u00bb#3b5998&Prime; global_colors_info=\u00a0\u00bb{}\u00a0\u00bb follow_button=\u00a0\u00bboff\u00a0\u00bb url_new_window=\u00a0\u00bbon\u00a0\u00bb]facebook[\/et_pb_social_media_follow_network][et_pb_social_media_follow_network social_network=\u00a0\u00bbtwitter\u00a0\u00bb url=\u00a0\u00bbhttps:\/\/twitter.com\/IFParis\u00a0\u00bb _builder_version=\u00a0\u00bb4.22.2&Prime; _module_preset=\u00a0\u00bbdefault\u00a0\u00bb background_color=\u00a0\u00bb#000000&Prime; global_colors_info=\u00a0\u00bb{}\u00a0\u00bb follow_button=\u00a0\u00bboff\u00a0\u00bb url_new_window=\u00a0\u00bbon\u00a0\u00bb]twitter[\/et_pb_social_media_follow_network][et_pb_social_media_follow_network social_network=\u00a0\u00bblinkedin\u00a0\u00bb url=\u00a0\u00bbhttps:\/\/www.linkedin.com\/company\/ifparis\/\u00a0\u00bb _builder_version=\u00a0\u00bb4.20.2&Prime; _module_preset=\u00a0\u00bbdefault\u00a0\u00bb background_color=\u00a0\u00bb#007bb6&Prime; global_colors_info=\u00a0\u00bb{}\u00a0\u00bb follow_button=\u00a0\u00bboff\u00a0\u00bb url_new_window=\u00a0\u00bbon\u00a0\u00bb]linkedin[\/et_pb_social_media_follow_network][\/et_pb_social_media_follow][\/et_pb_column][et_pb_column type=\u00a0\u00bb1_2&Prime; _builder_version=\u00a0\u00bb4.20.2&Prime; _module_preset=\u00a0\u00bbdefault\u00a0\u00bb global_colors_info=\u00a0\u00bb{}\u00a0\u00bb][et_pb_button button_url=\u00a0\u00bbhttps:\/\/www.institutfrancais.com\/fr\u00a0\u00bb url_new_window=\u00a0\u00bbon\u00a0\u00bb button_text=\u00a0\u00bbSite web de l&apos;Institut fran\u00e7ais\u00a0\u00bb button_alignment=\u00a0\u00bbright\u00a0\u00bb _builder_version=\u00a0\u00bb4.25.1&Prime; _module_preset=\u00a0\u00bbdefault\u00a0\u00bb custom_button=\u00a0\u00bbon\u00a0\u00bb button_text_size=\u00a0\u00bb16px\u00a0\u00bb button_text_color=\u00a0\u00bb#000000&Prime; global_colors_info=\u00a0\u00bb{}\u00a0\u00bb][\/et_pb_button][\/et_pb_column][\/et_pb_row][\/et_pb_section][et_pb_section fb_built=\u00a0\u00bb1&Prime; admin_label=\u00a0\u00bbFeatured Models\u00a0\u00bb _builder_version=\u00a0\u00bb4.24.2&Prime; _module_preset=\u00a0\u00bbdefault\u00a0\u00bb custom_margin=\u00a0\u00bb1px|||||\u00a0\u00bb custom_padding=\u00a0\u00bb||0px|||\u00a0\u00bb collapsed=\u00a0\u00bbon\u00a0\u00bb global_colors_info=\u00a0\u00bb{}\u00a0\u00bb][et_pb_row _builder_version=\u00a0\u00bb4.24.2&Prime; _module_preset=\u00a0\u00bbdefault\u00a0\u00bb width=\u00a0\u00bb90%\u00a0\u00bb max_width=\u00a0\u00bb2000px\u00a0\u00bb global_colors_info=\u00a0\u00bb{}\u00a0\u00bb][et_pb_column type=\u00a0\u00bb4_4&Prime; _builder_version=\u00a0\u00bb4.24.2&Prime; _module_preset=\u00a0\u00bbdefault\u00a0\u00bb global_colors_info=\u00a0\u00bb{}\u00a0\u00bb][et_pb_text _builder_version=\u00a0\u00bb4.24.2&Prime; _module_preset=\u00a0\u00bbf2ead3ad-3c8b-42e6-84ef-b62213252a7b\u00a0\u00bb global_colors_info=\u00a0\u00bb{}\u00a0\u00bb]<\/p>\n<h2>R\u00e9sultats des clients<\/h2>\n<p>[\/et_pb_text][\/et_pb_column][\/et_pb_row][et_pb_row column_structure=\u00a0\u00bb1_3,1_3,1_3&Prime; _builder_version=\u00a0\u00bb4.24.2&Prime; _module_preset=\u00a0\u00bbdefault\u00a0\u00bb width=\u00a0\u00bb90%\u00a0\u00bb max_width=\u00a0\u00bb2000px\u00a0\u00bb custom_padding=\u00a0\u00bb||14px|||\u00a0\u00bb global_colors_info=\u00a0\u00bb{}\u00a0\u00bb][et_pb_column type=\u00a0\u00bb1_3&Prime; _builder_version=\u00a0\u00bb4.24.2&Prime; _module_preset=\u00a0\u00bbdefault\u00a0\u00bb global_colors_info=\u00a0\u00bb{}\u00a0\u00bb][et_pb_number_counter title=\u00a0\u00bbFr\u00e9quentation du site web entre 2018 &#8211; 2019 (soit 1 million d&apos;utilisateurs)\u00a0\u00bb number=\u00a0\u00bbX3&Prime; percent_sign=\u00a0\u00bboff\u00a0\u00bb _builder_version=\u00a0\u00bb4.25.1&Prime; _module_preset=\u00a0\u00bbdefault\u00a0\u00bb title_text_color=\u00a0\u00bb#000000&Prime; number_text_color=\u00a0\u00bb#E09900&Prime; background_color=\u00a0\u00bbRGBA(255,255,255,0)\u00a0\u00bb global_colors_info=\u00a0\u00bb{}\u00a0\u00bb][\/et_pb_number_counter][et_pb_text _builder_version=\u00a0\u00bb4.24.3&Prime; _module_preset=\u00a0\u00bbae1e23e4-d983-4b8b-8702-2c0a5381cc74&Prime; global_colors_info=\u00a0\u00bb{}\u00a0\u00bb][\/et_pb_text][\/et_pb_column][et_pb_column type=\u00a0\u00bb1_3&Prime; _builder_version=\u00a0\u00bb4.24.2&Prime; _module_preset=\u00a0\u00bbdefault\u00a0\u00bb global_colors_info=\u00a0\u00bb{}\u00a0\u00bb][et_pb_number_counter title=\u00a0\u00bb4 480 abonn\u00e9s Instagram en janvier 2019, 9 360 abonn\u00e9s au 1er janvier 2020&Prime; number=\u00a0\u00bb+125%\u00a0\u00bb percent_sign=\u00a0\u00bboff\u00a0\u00bb _builder_version=\u00a0\u00bb4.25.1&Prime; _module_preset=\u00a0\u00bbdefault\u00a0\u00bb title_text_color=\u00a0\u00bb#000000&Prime; number_text_color=\u00a0\u00bb#E09900&Prime; background_color=\u00a0\u00bbRGBA(255,255,255,0)\u00a0\u00bb global_colors_info=\u00a0\u00bb{}\u00a0\u00bb][\/et_pb_number_counter][\/et_pb_column][et_pb_column type=\u00a0\u00bb1_3&Prime; _builder_version=\u00a0\u00bb4.24.2&Prime; _module_preset=\u00a0\u00bbdefault\u00a0\u00bb global_colors_info=\u00a0\u00bb{}\u00a0\u00bb][et_pb_number_counter title=\u00a0\u00bb27 100 abonn\u00e9s LinkedIn en janvier 2019, 35 650 abonn\u00e9s au 1er janvier 2020&Prime; number=\u00a0\u00bb+30%\u00a0\u00bb percent_sign=\u00a0\u00bboff\u00a0\u00bb _builder_version=\u00a0\u00bb4.25.1&Prime; _module_preset=\u00a0\u00bbdefault\u00a0\u00bb title_text_color=\u00a0\u00bb#000000&Prime; number_text_color=\u00a0\u00bb#E09900&Prime; background_color=\u00a0\u00bbRGBA(255,255,255,0)\u00a0\u00bb global_colors_info=\u00a0\u00bb{}\u00a0\u00bb][\/et_pb_number_counter][\/et_pb_column][\/et_pb_row][et_pb_row column_structure=\u00a0\u00bb1_2,1_2&Prime; _builder_version=\u00a0\u00bb4.25.1&Prime; _module_preset=\u00a0\u00bbdefault\u00a0\u00bb global_colors_info=\u00a0\u00bb{}\u00a0\u00bb][et_pb_column type=\u00a0\u00bb1_2&Prime; _builder_version=\u00a0\u00bb4.25.1&Prime; _module_preset=\u00a0\u00bbdefault\u00a0\u00bb global_colors_info=\u00a0\u00bb{}\u00a0\u00bb][\/et_pb_column][et_pb_column type=\u00a0\u00bb1_2&Prime; _builder_version=\u00a0\u00bb4.25.1&Prime; _module_preset=\u00a0\u00bbdefault\u00a0\u00bb global_colors_info=\u00a0\u00bb{}\u00a0\u00bb][et_pb_button button_url=\u00a0\u00bbhttps:\/\/www.institutfrancais.com\/fr\/rapports-activite\u00a0\u00bb url_new_window=\u00a0\u00bbon\u00a0\u00bb button_text=\u00a0\u00bbVoir le rapport d&apos;activit\u00e9\u00a0\u00bb button_alignment=\u00a0\u00bbright\u00a0\u00bb _builder_version=\u00a0\u00bb4.25.1&Prime; _module_preset=\u00a0\u00bbdefault\u00a0\u00bb custom_button=\u00a0\u00bbon\u00a0\u00bb button_text_color=\u00a0\u00bb#000000&Prime; global_colors_info=\u00a0\u00bb{}\u00a0\u00bb][\/et_pb_button][\/et_pb_column][\/et_pb_row][\/et_pb_section][et_pb_section fb_built=\u00a0\u00bb1&Prime; _builder_version=\u00a0\u00bb4.25.1&Prime; _module_preset=\u00a0\u00bbdefault\u00a0\u00bb global_colors_info=\u00a0\u00bb{}\u00a0\u00bb][et_pb_row column_structure=\u00a0\u00bb1_2,1_2&Prime; _builder_version=\u00a0\u00bb4.25.1&Prime; _module_preset=\u00a0\u00bbdefault\u00a0\u00bb global_colors_info=\u00a0\u00bb{}\u00a0\u00bb][et_pb_column type=\u00a0\u00bb1_2&Prime; _builder_version=\u00a0\u00bb4.25.1&Prime; _module_preset=\u00a0\u00bbdefault\u00a0\u00bb global_colors_info=\u00a0\u00bb{}\u00a0\u00bb][et_pb_image src=\u00a0\u00bbhttps:\/\/carenza-brown.com\/wp-content\/uploads\/2024\/05\/institut-francais-instagram.jpg\u00a0\u00bb title_text=\u00a0\u00bbCapture d&apos;\u00e9cran\u00a0\u00bb _builder_version=\u00a0\u00bb4.25.1&Prime; _module_preset=\u00a0\u00bbdefault\u00a0\u00bb global_colors_info=\u00a0\u00bb{}\u00a0\u00bb][\/et_pb_image][\/et_pb_column][et_pb_column type=\u00a0\u00bb1_2&Prime; _builder_version=\u00a0\u00bb4.25.1&Prime; _module_preset=\u00a0\u00bbdefault\u00a0\u00bb global_colors_info=\u00a0\u00bb{}\u00a0\u00bb][et_pb_text _builder_version=\u00a0\u00bb4.27.4&Prime; _module_preset=\u00a0\u00bbdefault\u00a0\u00bb hover_enabled=\u00a0\u00bb0&Prime; sticky_enabled=\u00a0\u00bb0&Prime;]<\/p>\n<h3 data-start=\"0\" data-end=\"51\"><em>Institut fran\u00e7ais \u2013 Identit\u00e9 visuelle Instagram<\/em><\/h3>\n<p data-start=\"53\" data-end=\"427\">Le feed Instagram de l&rsquo;<strong data-start=\"57\" data-end=\"78\">Institut fran\u00e7ais<\/strong> a \u00e9t\u00e9 repens\u00e9 pour cr\u00e9er une <strong data-start=\"121\" data-end=\"149\">identit\u00e9 visuelle coh\u00e9rente<\/strong> qui refl\u00e8te la diversit\u00e9 de l&rsquo;<strong data-start=\"181\" data-end=\"211\">expression artistique fran\u00e7aise<\/strong>. Chaque ic\u00f4ne cod\u00e9e par couleur repr\u00e9sente une forme d&rsquo;art distincte \u2014 <strong data-start=\"271\" data-end=\"339\">cin\u00e9ma, danse, th\u00e9\u00e2tre, photographie, litt\u00e9rature et arts visuels<\/strong> \u2014 permettant aux abonn\u00e9s d&rsquo;identifier instantan\u00e9ment le domaine culturel pr\u00e9sent\u00e9 dans chaque publication. <\/p>\n<p data-start=\"429\" data-end=\"737\">Ce syst\u00e8me visuel structur\u00e9 renforce la <strong data-start=\"471\" data-end=\"512\">reconnaissance de la marque et la clart\u00e9 du contenu<\/strong>, rendant le feed plus intuitif et engageant. Le r\u00e9sultat est une <strong data-start=\"575\" data-end=\"608\">esth\u00e9tique dynamique et soign\u00e9e<\/strong> qui met en valeur la richesse de la cr\u00e9ativit\u00e9 fran\u00e7aise et francophone tout en promouvant la programmation culturelle mondiale de l&rsquo;Institut. <\/p>\n<p data-start=\"739\" data-end=\"908\" data-is-last-node=\"\" data-is-only-node=\"\">\n<p>[\/et_pb_text][\/et_pb_column][\/et_pb_row][\/et_pb_section][et_pb_section fb_built=\u00a0\u00bb1&Prime; admin_label=\u00a0\u00bbFooter\u00a0\u00bb _builder_version=\u00a0\u00bb4.20.0&Prime; _module_preset=\u00a0\u00bbdefault\u00a0\u00bb background_color=\u00a0\u00bb#000000&Prime; custom_margin=\u00a0\u00bb-3px|||||\u00a0\u00bb global_module=\u00a0\u00bb442&Prime; saved_tabs=\u00a0\u00bball\u00a0\u00bb collapsed=\u00a0\u00bbon\u00a0\u00bb global_colors_info=\u00a0\u00bb{}\u00a0\u00bb][et_pb_row _builder_version=\u00a0\u00bb4.20.0&Prime; _module_preset=\u00a0\u00bbdefault\u00a0\u00bb global_colors_info=\u00a0\u00bb{}\u00a0\u00bb][et_pb_column type=\u00a0\u00bb4_4&Prime; _builder_version=\u00a0\u00bb4.20.0&Prime; _module_preset=\u00a0\u00bbdefault\u00a0\u00bb global_colors_info=\u00a0\u00bb{}\u00a0\u00bb][et_pb_text _builder_version=\u00a0\u00bb4.25.0&Prime; _module_preset=\u00a0\u00bb6686f85f-db37-450c-81ae-211b333f9777&Prime; header_2_text_color=\u00a0\u00bb#FFFFFF\u00a0\u00bb text_orientation=\u00a0\u00bbcenter\u00a0\u00bb custom_css_free_form=\u00a0\u00bb.mce-content-body h2 span strong em span {||  text-shadow: 0px 0px 0px Linen, 0px 0px 20px Linen, 0px 0px 35px Linen, 0px 0px 30px Linen;||    font-size: 25px;||}\u00a0\u00bb inline_fonts=\u00a0\u00bbMontserrat\u00a0\u00bb global_colors_info=\u00a0\u00bb{}\u00a0\u00bb]<\/p>\n<h2><span style=\"font-size: small; color: #ffffff;\"><strong><em><span style=\"font-family: Montserrat;\">Cr\u00e9ons ensemble quelque chose d&rsquo;extraordinaire<\/span><\/em><\/strong><\/span><\/h2>\n<p>[\/et_pb_text][et_pb_contact_form use_spam_service=\u00a0\u00bbon\u00a0\u00bb recaptcha_list=\u00a0\u00bbCarenza Brown-0&Prime; email=\u00a0\u00bbcontact@carenza-brown.com\u00a0\u00bb success_message=\u00a0\u00bbMerci pour votre message \u00a0\u00bb submit_button_text=\u00a0\u00bbEnvoyer\u00a0\u00bb _builder_version=\u00a0\u00bb4.27.4&Prime; _module_preset=\u00a0\u00bbf818b33c-39a5-4ce4-a4da-592ec9a1a3f7&Prime; form_field_focus_background_color=\u00a0\u00bb#FFFFFF\u00a0\u00bb form_field_focus_text_color=\u00a0\u00bb#8300E9&Prime; form_field_custom_margin=\u00a0\u00bb||||false|false\u00a0\u00bb form_field_custom_padding=\u00a0\u00bb|10px||10px|false|true\u00a0\u00bb button_text_size=\u00a0\u00bb15px\u00a0\u00bb button_custom_padding=\u00a0\u00bb5px|15px|5px|15px|true|true\u00a0\u00bb max_width=\u00a0\u00bb700px\u00a0\u00bb module_alignment=\u00a0\u00bbcenter\u00a0\u00bb custom_margin=\u00a0\u00bb||||false|true\u00a0\u00bb custom_padding=\u00a0\u00bb0px||||false|false\u00a0\u00bb border_radii=\u00a0\u00bbon|3px|3px|3px|3px\u00a0\u00bb border_width_all=\u00a0\u00bb1px\u00a0\u00bb locked=\u00a0\u00bboff\u00a0\u00bb global_colors_info=\u00a0\u00bb{}\u00a0\u00bb][et_pb_contact_field field_id=\u00a0\u00bbName\u00a0\u00bb field_title=\u00a0\u00bbNom\u00a0\u00bb fullwidth_field=\u00a0\u00bbon\u00a0\u00bb _builder_version=\u00a0\u00bb4.16&Prime; _module_preset=\u00a0\u00bbdefault\u00a0\u00bb global_colors_info=\u00a0\u00bb{}\u00a0\u00bb button_text_size__hover_enabled=\u00a0\u00bboff\u00a0\u00bb button_one_text_size__hover_enabled=\u00a0\u00bboff\u00a0\u00bb button_two_text_size__hover_enabled=\u00a0\u00bboff\u00a0\u00bb button_text_color__hover_enabled=\u00a0\u00bboff\u00a0\u00bb button_one_text_color__hover_enabled=\u00a0\u00bboff\u00a0\u00bb button_two_text_color__hover_enabled=\u00a0\u00bboff\u00a0\u00bb button_border_width__hover_enabled=\u00a0\u00bboff\u00a0\u00bb button_one_border_width__hover_enabled=\u00a0\u00bboff\u00a0\u00bb button_two_border_width__hover_enabled=\u00a0\u00bboff\u00a0\u00bb button_border_color__hover_enabled=\u00a0\u00bboff\u00a0\u00bb button_one_border_color__hover_enabled=\u00a0\u00bboff\u00a0\u00bb button_two_border_color__hover_enabled=\u00a0\u00bboff\u00a0\u00bb button_border_radius__hover_enabled=\u00a0\u00bboff\u00a0\u00bb button_one_border_radius__hover_enabled=\u00a0\u00bboff\u00a0\u00bb button_two_border_radius__hover_enabled=\u00a0\u00bboff\u00a0\u00bb button_letter_spacing__hover_enabled=\u00a0\u00bboff\u00a0\u00bb button_one_letter_spacing__hover_enabled=\u00a0\u00bboff\u00a0\u00bb button_two_letter_spacing__hover_enabled=\u00a0\u00bboff\u00a0\u00bb button_bg_color__hover_enabled=\u00a0\u00bboff\u00a0\u00bb button_one_bg_color__hover_enabled=\u00a0\u00bboff\u00a0\u00bb button_two_bg_color__hover_enabled=\u00a0\u00bboff\u00a0\u00bb][\/et_pb_contact_field][et_pb_contact_field field_id=\u00a0\u00bbEmail\u00a0\u00bb field_title=\u00a0\u00bbAdresse e-mail\u00a0\u00bb field_type=\u00a0\u00bbemail\u00a0\u00bb fullwidth_field=\u00a0\u00bbon\u00a0\u00bb _builder_version=\u00a0\u00bb4.16&Prime; _module_preset=\u00a0\u00bbdefault\u00a0\u00bb global_colors_info=\u00a0\u00bb{}\u00a0\u00bb button_text_size__hover_enabled=\u00a0\u00bboff\u00a0\u00bb button_one_text_size__hover_enabled=\u00a0\u00bboff\u00a0\u00bb button_two_text_size__hover_enabled=\u00a0\u00bboff\u00a0\u00bb button_text_color__hover_enabled=\u00a0\u00bboff\u00a0\u00bb button_one_text_color__hover_enabled=\u00a0\u00bboff\u00a0\u00bb button_two_text_color__hover_enabled=\u00a0\u00bboff\u00a0\u00bb button_border_width__hover_enabled=\u00a0\u00bboff\u00a0\u00bb button_one_border_width__hover_enabled=\u00a0\u00bboff\u00a0\u00bb button_two_border_width__hover_enabled=\u00a0\u00bboff\u00a0\u00bb button_border_color__hover_enabled=\u00a0\u00bboff\u00a0\u00bb button_one_border_color__hover_enabled=\u00a0\u00bboff\u00a0\u00bb button_two_border_color__hover_enabled=\u00a0\u00bboff\u00a0\u00bb button_border_radius__hover_enabled=\u00a0\u00bboff\u00a0\u00bb button_one_border_radius__hover_enabled=\u00a0\u00bboff\u00a0\u00bb button_two_border_radius__hover_enabled=\u00a0\u00bboff\u00a0\u00bb button_letter_spacing__hover_enabled=\u00a0\u00bboff\u00a0\u00bb button_one_letter_spacing__hover_enabled=\u00a0\u00bboff\u00a0\u00bb button_two_letter_spacing__hover_enabled=\u00a0\u00bboff\u00a0\u00bb button_bg_color__hover_enabled=\u00a0\u00bboff\u00a0\u00bb button_one_bg_color__hover_enabled=\u00a0\u00bboff\u00a0\u00bb button_two_bg_color__hover_enabled=\u00a0\u00bboff\u00a0\u00bb][\/et_pb_contact_field][et_pb_contact_field field_id=\u00a0\u00bbMessage\u00a0\u00bb field_title=\u00a0\u00bbMessage\u00a0\u00bb field_type=\u00a0\u00bbtext\u00a0\u00bb fullwidth_field=\u00a0\u00bbon\u00a0\u00bb _builder_version=\u00a0\u00bb4.16&Prime; _module_preset=\u00a0\u00bbdefault\u00a0\u00bb global_colors_info=\u00a0\u00bb{}\u00a0\u00bb button_text_size__hover_enabled=\u00a0\u00bboff\u00a0\u00bb button_one_text_size__hover_enabled=\u00a0\u00bboff\u00a0\u00bb button_two_text_size__hover_enabled=\u00a0\u00bboff\u00a0\u00bb button_text_color__hover_enabled=\u00a0\u00bboff\u00a0\u00bb button_one_text_color__hover_enabled=\u00a0\u00bboff\u00a0\u00bb button_two_text_color__hover_enabled=\u00a0\u00bboff\u00a0\u00bb button_border_width__hover_enabled=\u00a0\u00bboff\u00a0\u00bb button_one_border_width__hover_enabled=\u00a0\u00bboff\u00a0\u00bb button_two_border_width__hover_enabled=\u00a0\u00bboff\u00a0\u00bb button_border_color__hover_enabled=\u00a0\u00bboff\u00a0\u00bb button_one_border_color__hover_enabled=\u00a0\u00bboff\u00a0\u00bb button_two_border_color__hover_enabled=\u00a0\u00bboff\u00a0\u00bb button_border_radius__hover_enabled=\u00a0\u00bboff\u00a0\u00bb button_one_border_radius__hover_enabled=\u00a0\u00bboff\u00a0\u00bb button_two_border_radius__hover_enabled=\u00a0\u00bboff\u00a0\u00bb button_letter_spacing__hover_enabled=\u00a0\u00bboff\u00a0\u00bb button_one_letter_spacing__hover_enabled=\u00a0\u00bboff\u00a0\u00bb button_two_letter_spacing__hover_enabled=\u00a0\u00bboff\u00a0\u00bb button_bg_color__hover_enabled=\u00a0\u00bboff\u00a0\u00bb button_one_bg_color__hover_enabled=\u00a0\u00bboff\u00a0\u00bb button_two_bg_color__hover_enabled=\u00a0\u00bboff\u00a0\u00bb][\/et_pb_contact_field][\/et_pb_contact_form][et_pb_social_media_follow _builder_version=\u00a0\u00bb4.27.4&Prime; _module_preset=\u00a0\u00bbdefault\u00a0\u00bb text_orientation=\u00a0\u00bbcenter\u00a0\u00bb hover_enabled=\u00a0\u00bb0&Prime; text_orientation_tablet=\u00a0\u00bbleft\u00a0\u00bb text_orientation_last_edited=\u00a0\u00bboff|desktop\u00a0\u00bb border_radii=\u00a0\u00bbon|100px|100px|100px|100px\u00a0\u00bb border_width_all=\u00a0\u00bb1px\u00a0\u00bb border_color_all=\u00a0\u00bb#FFFFFF\u00a0\u00bb locked=\u00a0\u00bboff\u00a0\u00bb global_colors_info=\u00a0\u00bb{}\u00a0\u00bb sticky_enabled=\u00a0\u00bb0&Prime;][et_pb_social_media_follow_network social_network=\u00a0\u00bblinkedin\u00a0\u00bb url=\u00a0\u00bbhttps:\/\/www.linkedin.com\/in\/carenza-brown\/\u00a0\u00bb _builder_version=\u00a0\u00bb4.24.3&Prime; _module_preset=\u00a0\u00bbdefault\u00a0\u00bb background_enable_color=\u00a0\u00bboff\u00a0\u00bb custom_padding=\u00a0\u00bb4px|4px|4px|4px|true|true\u00a0\u00bb global_colors_info=\u00a0\u00bb{}\u00a0\u00bb follow_button=\u00a0\u00bboff\u00a0\u00bb url_new_window=\u00a0\u00bbon\u00a0\u00bb]linkedin[\/et_pb_social_media_follow_network][et_pb_social_media_follow_network social_network=\u00a0\u00bbinstagram\u00a0\u00bb url=\u00a0\u00bbhttps:\/\/www.instagram.com\/carenzabr\/\u00a0\u00bb _builder_version=\u00a0\u00bb4.24.3&Prime; _module_preset=\u00a0\u00bbdefault\u00a0\u00bb custom_padding=\u00a0\u00bb4px|4px|4px|4px|true|true\u00a0\u00bb global_colors_info=\u00a0\u00bb{}\u00a0\u00bb follow_button=\u00a0\u00bboff\u00a0\u00bb url_new_window=\u00a0\u00bbon\u00a0\u00bb]instagram[\/et_pb_social_media_follow_network][\/et_pb_social_media_follow][\/et_pb_column][\/et_pb_row][et_pb_row column_structure=\u00a0\u00bb1_3,1_3,1_3&Prime; _builder_version=\u00a0\u00bb4.20.0&Prime; _module_preset=\u00a0\u00bbdefault\u00a0\u00bb border_color_all=\u00a0\u00bbgcid-e6f8585f-043d-4f05-ad96-fb05b9e45208&Prime; border_width_top=\u00a0\u00bb1px\u00a0\u00bb global_colors_info=\u00a0\u00bb{%22gcid-e6f8585f-043d-4f05-ad96-fb05b9e45208%22:%91%22border_color_all%22%93}\u00a0\u00bb][et_pb_column type=\u00a0\u00bb1_3&Prime; _builder_version=\u00a0\u00bb4.20.0&Prime; _module_preset=\u00a0\u00bbdefault\u00a0\u00bb global_colors_info=\u00a0\u00bb{}\u00a0\u00bb][et_pb_text _builder_version=\u00a0\u00bb4.20.0&Prime; _module_preset=\u00a0\u00bb275d1037-73b4-4ebf-aff8-36f7e044499a\u00a0\u00bb header_5_text_color=\u00a0\u00bb#FFFFFF\u00a0\u00bb custom_margin=\u00a0\u00bb||0px||false|false\u00a0\u00bb text_orientation_tablet=\u00a0\u00bbcenter\u00a0\u00bb text_orientation_phone=\u00a0\u00bb\u00a0\u00bb text_orientation_last_edited=\u00a0\u00bbon|tablet\u00a0\u00bb global_colors_info=\u00a0\u00bb{}\u00a0\u00bb]<\/p>\n<h5>Localisation<\/h5>\n<p>[\/et_pb_text][et_pb_text _builder_version=\u00a0\u00bb4.24.3&Prime; _module_preset=\u00a0\u00bb0c72fe37-ef52-4d2a-80c8-20af22436dfc\u00a0\u00bb link_text_color=\u00a0\u00bbgcid-e6f8585f-043d-4f05-ad96-fb05b9e45208&Prime; text_orientation_tablet=\u00a0\u00bbcenter\u00a0\u00bb text_orientation_phone=\u00a0\u00bb\u00a0\u00bb text_orientation_last_edited=\u00a0\u00bbon|tablet\u00a0\u00bb global_colors_info=\u00a0\u00bb{%22gcid-e6f8585f-043d-4f05-ad96-fb05b9e45208%22:%91%22link_text_color%22%93}\u00a0\u00bb]<\/p>\n<p>Montpellier, France<\/p>\n<p>[\/et_pb_text][\/et_pb_column][et_pb_column type=\u00a0\u00bb1_3&Prime; _builder_version=\u00a0\u00bb4.20.0&Prime; _module_preset=\u00a0\u00bbdefault\u00a0\u00bb global_colors_info=\u00a0\u00bb{}\u00a0\u00bb][\/et_pb_column][et_pb_column type=\u00a0\u00bb1_3&Prime; _builder_version=\u00a0\u00bb4.20.0&Prime; _module_preset=\u00a0\u00bbdefault\u00a0\u00bb global_colors_info=\u00a0\u00bb{}\u00a0\u00bb][et_pb_text _builder_version=\u00a0\u00bb4.25.2&Prime; _module_preset=\u00a0\u00bb275d1037-73b4-4ebf-aff8-36f7e044499a\u00a0\u00bb header_5_text_color=\u00a0\u00bb#FFFFFF\u00a0\u00bb custom_margin=\u00a0\u00bb||0px||false|false\u00a0\u00bb text_orientation_tablet=\u00a0\u00bbcenter\u00a0\u00bb text_orientation_phone=\u00a0\u00bb\u00a0\u00bb text_orientation_last_edited=\u00a0\u00bbon|tablet\u00a0\u00bb global_colors_info=\u00a0\u00bb{}\u00a0\u00bb]<\/p>\n<h5><a href=\"https:\/\/carenza-brown.com\/fr\/blog\/\">BLOG<\/a><\/h5>\n<p>[\/et_pb_text][\/et_pb_column][\/et_pb_row][\/et_pb_section]<\/p>\n","protected":false},"excerpt":{"rendered":"<p>Institut fran\u00e7aisL&rsquo;Institut fran\u00e7ais est une institution culturelle fran\u00e7aise de premier plan avec une mission mondiale : promouvoir la langue fran\u00e7aise et la culture francophone tout en renfor\u00e7ant les \u00e9changes culturels internationaux. Pr\u00e9sent dans plus de 130 pays, il coordonne et soutient l&rsquo;enseignement de la langue fran\u00e7aise, les r\u00e9sidences artistiques, les expositions, les projections de films, [&hellip;]<\/p>\n","protected":false},"author":1,"featured_media":0,"comment_status":"open","ping_status":"closed","template":"","meta":{"_et_pb_use_builder":"on","_et_pb_old_content":"","_et_gb_content_width":"","footnotes":""},"project_category":[49,47,46],"project_tag":[],"class_list":["post-994","project","type-project","status-publish","hentry","project_category-audit","project_category-evenements","project_category-redaction-web"],"yoast_head":"<!-- This site is optimized with the Yoast SEO plugin v27.5 - https:\/\/yoast.com\/product\/yoast-seo-wordpress\/ -->\n<title>Institut fran\u00e7ais - Carenza Brown - Communication digitale<\/title>\n<meta name=\"description\" content=\"Nous avons cr\u00e9\u00e9 un syst\u00e8me visuel Instagram coh\u00e9rent et cod\u00e9 par couleurs pour l&#039;Institut fran\u00e7ais, afin d&#039;am\u00e9liorer la clart\u00e9, l&#039;engagement et la coh\u00e9rence de la marque.\" \/>\n<meta name=\"robots\" content=\"index, follow, max-snippet:-1, max-image-preview:large, max-video-preview:-1\" \/>\n<link rel=\"canonical\" href=\"https:\/\/carenza-brown.com\/fr\/project\/institut-francais\/\" \/>\n<meta property=\"og:locale\" content=\"fr_FR\" \/>\n<meta property=\"og:type\" content=\"article\" \/>\n<meta property=\"og:title\" content=\"Institut fran\u00e7ais - Carenza Brown - Communication digitale\" \/>\n<meta property=\"og:description\" content=\"Nous avons cr\u00e9\u00e9 un syst\u00e8me visuel Instagram coh\u00e9rent et cod\u00e9 par couleurs pour l&#039;Institut fran\u00e7ais, afin d&#039;am\u00e9liorer la clart\u00e9, l&#039;engagement et la coh\u00e9rence de la marque.\" \/>\n<meta property=\"og:url\" content=\"https:\/\/carenza-brown.com\/fr\/project\/institut-francais\/\" \/>\n<meta property=\"og:site_name\" content=\"Carenza Brown - Communication digitale\" \/>\n<meta property=\"article:modified_time\" content=\"2025-10-25T16:38:10+00:00\" \/>\n<meta property=\"og:image\" content=\"https:\/\/carenza-brown.com\/wp-content\/uploads\/2023\/03\/Portfolio-institut-francais.jpg\" \/>\n\t<meta property=\"og:image:width\" content=\"1366\" \/>\n\t<meta property=\"og:image:height\" content=\"768\" \/>\n\t<meta property=\"og:image:type\" content=\"image\/jpeg\" \/>\n<meta name=\"twitter:card\" content=\"summary_large_image\" \/>\n<meta name=\"twitter:label1\" content=\"Dur\u00e9e de lecture estim\u00e9e\" \/>\n\t<meta name=\"twitter:data1\" content=\"13 minutes\" \/>\n<script type=\"application\/ld+json\" class=\"yoast-schema-graph\">{\"@context\":\"https:\\\/\\\/schema.org\",\"@graph\":[{\"@type\":\"WebPage\",\"@id\":\"https:\\\/\\\/carenza-brown.com\\\/fr\\\/project\\\/institut-francais\\\/\",\"url\":\"https:\\\/\\\/carenza-brown.com\\\/fr\\\/project\\\/institut-francais\\\/\",\"name\":\"Institut fran\u00e7ais - Carenza Brown - Communication digitale\",\"isPartOf\":{\"@id\":\"https:\\\/\\\/carenza-brown.com\\\/fr\\\/#website\"},\"datePublished\":\"2023-03-22T16:27:07+00:00\",\"dateModified\":\"2025-10-25T16:38:10+00:00\",\"description\":\"Nous avons cr\u00e9\u00e9 un syst\u00e8me visuel Instagram coh\u00e9rent et cod\u00e9 par couleurs pour l'Institut fran\u00e7ais, afin d'am\u00e9liorer la clart\u00e9, l'engagement et la coh\u00e9rence de la marque.\",\"breadcrumb\":{\"@id\":\"https:\\\/\\\/carenza-brown.com\\\/fr\\\/project\\\/institut-francais\\\/#breadcrumb\"},\"inLanguage\":\"fr-FR\",\"potentialAction\":[{\"@type\":\"ReadAction\",\"target\":[\"https:\\\/\\\/carenza-brown.com\\\/fr\\\/project\\\/institut-francais\\\/\"]}]},{\"@type\":\"BreadcrumbList\",\"@id\":\"https:\\\/\\\/carenza-brown.com\\\/fr\\\/project\\\/institut-francais\\\/#breadcrumb\",\"itemListElement\":[{\"@type\":\"ListItem\",\"position\":1,\"name\":\"Home\",\"item\":\"https:\\\/\\\/carenza-brown.com\\\/fr\\\/page-principale\\\/\"},{\"@type\":\"ListItem\",\"position\":2,\"name\":\"Projets\",\"item\":\"https:\\\/\\\/carenza-brown.com\\\/fr\\\/project\\\/\"},{\"@type\":\"ListItem\",\"position\":3,\"name\":\"Institut fran\u00e7ais\"}]},{\"@type\":\"WebSite\",\"@id\":\"https:\\\/\\\/carenza-brown.com\\\/fr\\\/#website\",\"url\":\"https:\\\/\\\/carenza-brown.com\\\/fr\\\/\",\"name\":\"Carenza Brown - Communication digitale\",\"description\":\"Gestion &amp; animation de r\u00e9seaux sociaux et site web\",\"publisher\":{\"@id\":\"https:\\\/\\\/carenza-brown.com\\\/fr\\\/#organization\"},\"potentialAction\":[{\"@type\":\"SearchAction\",\"target\":{\"@type\":\"EntryPoint\",\"urlTemplate\":\"https:\\\/\\\/carenza-brown.com\\\/fr\\\/?s={search_term_string}\"},\"query-input\":{\"@type\":\"PropertyValueSpecification\",\"valueRequired\":true,\"valueName\":\"search_term_string\"}}],\"inLanguage\":\"fr-FR\"},{\"@type\":\"Organization\",\"@id\":\"https:\\\/\\\/carenza-brown.com\\\/fr\\\/#organization\",\"name\":\"Carenza Brown - Communication digitale\",\"url\":\"https:\\\/\\\/carenza-brown.com\\\/fr\\\/\",\"logo\":{\"@type\":\"ImageObject\",\"inLanguage\":\"fr-FR\",\"@id\":\"https:\\\/\\\/carenza-brown.com\\\/fr\\\/#\\\/schema\\\/logo\\\/image\\\/\",\"url\":\"https:\\\/\\\/carenza-brown.com\\\/wp-content\\\/uploads\\\/2024\\\/05\\\/carenza-brown-logo-3.png\",\"contentUrl\":\"https:\\\/\\\/carenza-brown.com\\\/wp-content\\\/uploads\\\/2024\\\/05\\\/carenza-brown-logo-3.png\",\"width\":1366,\"height\":355,\"caption\":\"Carenza Brown - Communication digitale\"},\"image\":{\"@id\":\"https:\\\/\\\/carenza-brown.com\\\/fr\\\/#\\\/schema\\\/logo\\\/image\\\/\"}}]}<\/script>\n<!-- \/ Yoast SEO plugin. -->","yoast_head_json":{"title":"Institut fran\u00e7ais - Carenza Brown - Communication digitale","description":"Nous avons cr\u00e9\u00e9 un syst\u00e8me visuel Instagram coh\u00e9rent et cod\u00e9 par couleurs pour l'Institut fran\u00e7ais, afin d'am\u00e9liorer la clart\u00e9, l'engagement et la coh\u00e9rence de la marque.","robots":{"index":"index","follow":"follow","max-snippet":"max-snippet:-1","max-image-preview":"max-image-preview:large","max-video-preview":"max-video-preview:-1"},"canonical":"https:\/\/carenza-brown.com\/fr\/project\/institut-francais\/","og_locale":"fr_FR","og_type":"article","og_title":"Institut fran\u00e7ais - Carenza Brown - Communication digitale","og_description":"Nous avons cr\u00e9\u00e9 un syst\u00e8me visuel Instagram coh\u00e9rent et cod\u00e9 par couleurs pour l'Institut fran\u00e7ais, afin d'am\u00e9liorer la clart\u00e9, l'engagement et la coh\u00e9rence de la marque.","og_url":"https:\/\/carenza-brown.com\/fr\/project\/institut-francais\/","og_site_name":"Carenza Brown - Communication digitale","article_modified_time":"2025-10-25T16:38:10+00:00","og_image":[{"width":1366,"height":768,"url":"https:\/\/carenza-brown.com\/wp-content\/uploads\/2023\/03\/Portfolio-institut-francais.jpg","type":"image\/jpeg"}],"twitter_card":"summary_large_image","twitter_misc":{"Dur\u00e9e de lecture estim\u00e9e":"13 minutes"},"schema":{"@context":"https:\/\/schema.org","@graph":[{"@type":"WebPage","@id":"https:\/\/carenza-brown.com\/fr\/project\/institut-francais\/","url":"https:\/\/carenza-brown.com\/fr\/project\/institut-francais\/","name":"Institut fran\u00e7ais - Carenza Brown - Communication digitale","isPartOf":{"@id":"https:\/\/carenza-brown.com\/fr\/#website"},"datePublished":"2023-03-22T16:27:07+00:00","dateModified":"2025-10-25T16:38:10+00:00","description":"Nous avons cr\u00e9\u00e9 un syst\u00e8me visuel Instagram coh\u00e9rent et cod\u00e9 par couleurs pour l'Institut fran\u00e7ais, afin d'am\u00e9liorer la clart\u00e9, l'engagement et la coh\u00e9rence de la marque.","breadcrumb":{"@id":"https:\/\/carenza-brown.com\/fr\/project\/institut-francais\/#breadcrumb"},"inLanguage":"fr-FR","potentialAction":[{"@type":"ReadAction","target":["https:\/\/carenza-brown.com\/fr\/project\/institut-francais\/"]}]},{"@type":"BreadcrumbList","@id":"https:\/\/carenza-brown.com\/fr\/project\/institut-francais\/#breadcrumb","itemListElement":[{"@type":"ListItem","position":1,"name":"Home","item":"https:\/\/carenza-brown.com\/fr\/page-principale\/"},{"@type":"ListItem","position":2,"name":"Projets","item":"https:\/\/carenza-brown.com\/fr\/project\/"},{"@type":"ListItem","position":3,"name":"Institut fran\u00e7ais"}]},{"@type":"WebSite","@id":"https:\/\/carenza-brown.com\/fr\/#website","url":"https:\/\/carenza-brown.com\/fr\/","name":"Carenza Brown - Communication digitale","description":"Gestion &amp; animation de r\u00e9seaux sociaux et site web","publisher":{"@id":"https:\/\/carenza-brown.com\/fr\/#organization"},"potentialAction":[{"@type":"SearchAction","target":{"@type":"EntryPoint","urlTemplate":"https:\/\/carenza-brown.com\/fr\/?s={search_term_string}"},"query-input":{"@type":"PropertyValueSpecification","valueRequired":true,"valueName":"search_term_string"}}],"inLanguage":"fr-FR"},{"@type":"Organization","@id":"https:\/\/carenza-brown.com\/fr\/#organization","name":"Carenza Brown - Communication digitale","url":"https:\/\/carenza-brown.com\/fr\/","logo":{"@type":"ImageObject","inLanguage":"fr-FR","@id":"https:\/\/carenza-brown.com\/fr\/#\/schema\/logo\/image\/","url":"https:\/\/carenza-brown.com\/wp-content\/uploads\/2024\/05\/carenza-brown-logo-3.png","contentUrl":"https:\/\/carenza-brown.com\/wp-content\/uploads\/2024\/05\/carenza-brown-logo-3.png","width":1366,"height":355,"caption":"Carenza Brown - Communication digitale"},"image":{"@id":"https:\/\/carenza-brown.com\/fr\/#\/schema\/logo\/image\/"}}]}},"_links":{"self":[{"href":"https:\/\/carenza-brown.com\/fr\/wp-json\/wp\/v2\/project\/994","targetHints":{"allow":["GET"]}}],"collection":[{"href":"https:\/\/carenza-brown.com\/fr\/wp-json\/wp\/v2\/project"}],"about":[{"href":"https:\/\/carenza-brown.com\/fr\/wp-json\/wp\/v2\/types\/project"}],"author":[{"embeddable":true,"href":"https:\/\/carenza-brown.com\/fr\/wp-json\/wp\/v2\/users\/1"}],"replies":[{"embeddable":true,"href":"https:\/\/carenza-brown.com\/fr\/wp-json\/wp\/v2\/comments?post=994"}],"version-history":[{"count":0,"href":"https:\/\/carenza-brown.com\/fr\/wp-json\/wp\/v2\/project\/994\/revisions"}],"wp:attachment":[{"href":"https:\/\/carenza-brown.com\/fr\/wp-json\/wp\/v2\/media?parent=994"}],"wp:term":[{"taxonomy":"project_category","embeddable":true,"href":"https:\/\/carenza-brown.com\/fr\/wp-json\/wp\/v2\/project_category?post=994"},{"taxonomy":"project_tag","embeddable":true,"href":"https:\/\/carenza-brown.com\/fr\/wp-json\/wp\/v2\/project_tag?post=994"}],"curies":[{"name":"wp","href":"https:\/\/api.w.org\/{rel}","templated":true}]}}