{"id":985,"date":"2023-03-23T10:44:53","date_gmt":"2023-03-23T09:44:53","guid":{"rendered":"https:\/\/carenza-brown.com\/project\/women-in-tech\/"},"modified":"2025-10-25T18:36:09","modified_gmt":"2025-10-25T16:36:09","slug":"women-in-tech","status":"publish","type":"project","link":"https:\/\/carenza-brown.com\/fr\/project\/women-in-tech\/","title":{"rendered":"Women in tech"},"content":{"rendered":"<p>[et_pb_section fb_built=\u00a0\u00bb1&Prime; _builder_version=\u00a0\u00bb4.25.0&Prime; _module_preset=\u00a0\u00bbdefault\u00a0\u00bb global_colors_info=\u00a0\u00bb{}\u00a0\u00bb][et_pb_row _builder_version=\u00a0\u00bb4.24.2&Prime; _module_preset=\u00a0\u00bbdefault\u00a0\u00bb width=\u00a0\u00bb90%\u00a0\u00bb max_width=\u00a0\u00bbnone\u00a0\u00bb global_colors_info=\u00a0\u00bb{}\u00a0\u00bb][et_pb_column type=\u00a0\u00bb4_4&Prime; _builder_version=\u00a0\u00bb4.24.2&Prime; _module_preset=\u00a0\u00bbdefault\u00a0\u00bb global_colors_info=\u00a0\u00bb{}\u00a0\u00bb][et_pb_text _builder_version=\u00a0\u00bb4.24.2&Prime; _module_preset=\u00a0\u00bb0a2d43b3-f9fc-448f-90f0-f4b8a4f1f81c\u00a0\u00bb global_colors_info=\u00a0\u00bb{}\u00a0\u00bb]<\/p>\n<h1><em>Women in tech<\/em><\/h1>\n<p>[\/et_pb_text][\/et_pb_column][\/et_pb_row][\/et_pb_section][et_pb_section fb_built=\u00a0\u00bb1&Prime; _builder_version=\u00a0\u00bb4.20.2&Prime; _module_preset=\u00a0\u00bbdefault\u00a0\u00bb custom_padding=\u00a0\u00bb2px||7px|||\u00a0\u00bb global_colors_info=\u00a0\u00bb{}\u00a0\u00bb][et_pb_row _builder_version=\u00a0\u00bb4.20.2&Prime; _module_preset=\u00a0\u00bbdefault\u00a0\u00bb custom_padding=\u00a0\u00bb4px||7px|||\u00a0\u00bb global_colors_info=\u00a0\u00bb{}\u00a0\u00bb][et_pb_column type=\u00a0\u00bb4_4&Prime; _builder_version=\u00a0\u00bb4.20.2&Prime; _module_preset=\u00a0\u00bbdefault\u00a0\u00bb global_colors_info=\u00a0\u00bb{}\u00a0\u00bb][et_pb_image src=\u00a0\u00bbhttps:\/\/carenza-brown.com\/wp-content\/uploads\/2023\/03\/Portfolio-women-in-tech.jpg\u00a0\u00bb title_text=\u00a0\u00bbPortfolio-women-in-tech\u00a0\u00bb _builder_version=\u00a0\u00bb4.20.2&Prime; _module_preset=\u00a0\u00bbdefault\u00a0\u00bb global_colors_info=\u00a0\u00bb{}\u00a0\u00bb][\/et_pb_image][et_pb_accordion closed_toggle_text_color=\u00a0\u00bb#FFFFFF\u00a0\u00bb closed_toggle_background_color=\u00a0\u00bb#000000&Prime; icon_color=\u00a0\u00bb#FFFFFF\u00a0\u00bb _builder_version=\u00a0\u00bb4.25.0&Prime; _module_preset=\u00a0\u00bbdefault\u00a0\u00bb border_radii=\u00a0\u00bboff|20px|20px|20px|20px\u00a0\u00bb global_colors_info=\u00a0\u00bb{}\u00a0\u00bb][et_pb_accordion_item title=\u00a0\u00bbPR\u00c9SENTATION\u00a0\u00bb open=\u00a0\u00bboff\u00a0\u00bb _builder_version=\u00a0\u00bb4.20.2&Prime; _module_preset=\u00a0\u00bbdefault\u00a0\u00bb global_colors_info=\u00a0\u00bb{}\u00a0\u00bb]<\/p>\n<p><strong data-start=\"179\" data-end=\"196\">Women in Tech<\/strong> est une <strong data-start=\"209\" data-end=\"236\">organisation \u00e0 but non lucratif<\/strong> mondiale d\u00e9di\u00e9e \u00e0 la promotion de la <strong data-start=\"260\" data-end=\"307\">diversit\u00e9 des genres dans l&rsquo;industrie technologique<\/strong> et \u00e0 l&rsquo;encouragement de la participation des femmes dans les domaines du leadership, de la cr\u00e9ation et de la technique.<br data-start=\"394\" data-end=\"397\">\u00c0 travers des <strong data-start=\"405\" data-end=\"480\">programmes de mentorat, des conf\u00e9rences, des ateliers et des initiatives de r\u00e9seautage<\/strong>, l&rsquo;ONG permet aux femmes de se d\u00e9velopper professionnellement et plaide pour des <strong data-start=\"546\" data-end=\"591\">environnements de travail inclusifs et \u00e9quitables<\/strong>.<br data-start=\"592\" data-end=\"595\">Sa mission est d&rsquo;<strong data-start=\"613\" data-end=\"658\">\u00e9liminer les barri\u00e8res et les st\u00e9r\u00e9otypes de genre<\/strong> qui limitent l&rsquo;acc\u00e8s des femmes au secteur technologique, en cr\u00e9ant des opportunit\u00e9s d&rsquo;avancement professionnel et d&rsquo;innovation. Aujourd&rsquo;hui, Women in Tech est reconnue comme une <strong data-start=\"813\" data-end=\"872\">voix majeure pour l&rsquo;inclusion, l&rsquo;autonomisation et la diversit\u00e9<\/strong> dans les domaines STEM \u00e0 l&rsquo;\u00e9chelle mondiale. <\/p>\n<p>[\/et_pb_accordion_item][et_pb_accordion_item title=\u00a0\u00bbOBJECTIFS\u00a0\u00bb _builder_version=\u00a0\u00bb4.20.2&Prime; _module_preset=\u00a0\u00bbdefault\u00a0\u00bb global_colors_info=\u00a0\u00bb{}\u00a0\u00bb open=\u00a0\u00bboff\u00a0\u00bb]<\/p>\n<ul>\n<li data-start=\"1086\" data-end=\"1224\">\n<p data-start=\"1088\" data-end=\"1224\"><strong data-start=\"1088\" data-end=\"1117\">Renforcer la visibilit\u00e9 mondiale<\/strong> et positionner Women in Tech comme un leader international dans la promotion de l&rsquo;\u00e9galit\u00e9 des genres dans la technologie.<\/p>\n<\/li>\n<li data-start=\"1225\" data-end=\"1331\">\n<p data-start=\"1227\" data-end=\"1331\"><strong data-start=\"1227\" data-end=\"1254\">Renforcer les partenariats<\/strong> avec les institutions, les entreprises et les m\u00e9dias soutenant l&rsquo;autonomisation des femmes.<\/p>\n<\/li>\n<li data-start=\"1332\" data-end=\"1432\">\n<p data-start=\"1334\" data-end=\"1432\"><strong data-start=\"1334\" data-end=\"1362\">Augmenter le trafic du site web<\/strong> et l&rsquo;engagement gr\u00e2ce \u00e0 la g\u00e9n\u00e9ration de leads organique et par campagne.<\/p>\n<\/li>\n<li data-start=\"1433\" data-end=\"1532\">\n<p data-start=\"1435\" data-end=\"1532\"><strong data-start=\"1435\" data-end=\"1469\">Promouvoir les \u00e9v\u00e9nements et les initiatives<\/strong> sur les plateformes digitales pour atteindre une audience plus large et engag\u00e9e.<\/p>\n<\/li>\n<\/ul>\n<p>[\/et_pb_accordion_item][et_pb_accordion_item title=\u00a0\u00bbACTIONS DE COMMUNICATION\u00a0\u00bb _builder_version=\u00a0\u00bb4.20.2&Prime; _module_preset=\u00a0\u00bbdefault\u00a0\u00bb global_colors_info=\u00a0\u00bb{}\u00a0\u00bb open=\u00a0\u00bbon\u00a0\u00bb]<\/p>\n<ul>\n<li data-start=\"1569\" data-end=\"1745\">\n<p data-start=\"1571\" data-end=\"1745\"><strong data-start=\"1571\" data-end=\"1608\">Planification Strat\u00e9gique de la Communication :<\/strong> D\u00e9finition d&rsquo;une <strong data-start=\"1626\" data-end=\"1660\">strat\u00e9gie de communication digitale<\/strong> globale pour aligner les messages entre les r\u00e9gions et assurer la coh\u00e9rence du ton et de l&rsquo;identit\u00e9 de marque.<\/p>\n<\/li>\n<li data-start=\"1746\" data-end=\"1924\">\n<p data-start=\"1748\" data-end=\"1924\"><strong data-start=\"1748\" data-end=\"1776\">Gestion des R\u00e9seaux Sociaux :<\/strong> Supervision et optimisation de la <strong data-start=\"1799\" data-end=\"1826\">pr\u00e9sence multi-plateforme<\/strong> (LinkedIn, Instagram, X, Facebook) avec une planification de contenu bas\u00e9e sur les donn\u00e9es et l&rsquo;optimisation des campagnes.<\/p>\n<\/li>\n<li data-start=\"1925\" data-end=\"2056\">\n<p data-start=\"1927\" data-end=\"2056\"><strong data-start=\"1927\" data-end=\"1952\">Analyse de Performance :<\/strong> Production de <strong data-start=\"1971\" data-end=\"2009\">rapports statistiques et d&rsquo;engagement<\/strong> d\u00e9taill\u00e9s pour mesurer le ROI des campagnes et la croissance de l&rsquo;audience.<\/p>\n<\/li>\n<li data-start=\"2057\" data-end=\"2218\">\n<p data-start=\"2059\" data-end=\"2218\"><strong data-start=\"2059\" data-end=\"2091\">Curation et Cr\u00e9ation de Contenu :<\/strong> S\u00e9lection et production de contenus impactants mettant en valeur les success stories, la couverture d&rsquo;\u00e9v\u00e9nements et les figures cl\u00e9s du leadership f\u00e9minin.<\/p>\n<\/li>\n<li data-start=\"2219\" data-end=\"2379\">\n<p data-start=\"2221\" data-end=\"2379\"><strong data-start=\"2221\" data-end=\"2241\">Promotion d&rsquo;\u00c9v\u00e9nements :<\/strong> D\u00e9veloppement et animation de campagnes de communication en direct pour les <strong data-start=\"2298\" data-end=\"2336\">sommets, panels et \u00e9v\u00e9nements mondiaux<\/strong>, am\u00e9liorant la visibilit\u00e9 et la participation.<\/p>\n<\/li>\n<li data-start=\"2380\" data-end=\"2519\">\n<p data-start=\"2382\" data-end=\"2519\"><strong data-start=\"2382\" data-end=\"2402\">Email Marketing :<\/strong> Conception et distribution de <strong data-start=\"2428\" data-end=\"2452\">newsletters cibl\u00e9es<\/strong> pour maintenir l&rsquo;engagement de la communaut\u00e9 et promouvoir les initiatives en cours.<\/p>\n<\/li>\n<li data-start=\"2520\" data-end=\"2652\">\n<p data-start=\"2522\" data-end=\"2652\"><strong data-start=\"2522\" data-end=\"2542\">Relations Presse :<\/strong> R\u00e9daction de <strong data-start=\"2551\" data-end=\"2569\">communiqu\u00e9s de presse<\/strong> pour maximiser la couverture m\u00e9diatique et renforcer la cr\u00e9dibilit\u00e9 et la port\u00e9e de Women in Tech.<\/p>\n<\/li>\n<li data-start=\"2653\" data-end=\"2790\">\n<p data-start=\"2655\" data-end=\"2790\"><strong data-start=\"2655\" data-end=\"2678\">Gestion du Site Web :<\/strong> Supervision des <strong data-start=\"2690\" data-end=\"2730\">mises \u00e0 jour de contenu et de l&rsquo;optimisation SEO<\/strong>, am\u00e9liorant la navigation, la lisibilit\u00e9 et la performance dans les recherches<\/p>\n<\/li>\n<\/ul>\n<p><span style=\"font-weight: 400;\"><\/span><\/p>\n<p>[\/et_pb_accordion_item][\/et_pb_accordion][\/et_pb_column][\/et_pb_row][et_pb_row column_structure=\u00a0\u00bb1_2,1_2&Prime; _builder_version=\u00a0\u00bb4.20.2&Prime; _module_preset=\u00a0\u00bbdefault\u00a0\u00bb global_colors_info=\u00a0\u00bb{}\u00a0\u00bb][et_pb_column type=\u00a0\u00bb1_2&Prime; _builder_version=\u00a0\u00bb4.20.2&Prime; _module_preset=\u00a0\u00bbdefault\u00a0\u00bb global_colors_info=\u00a0\u00bb{}\u00a0\u00bb][et_pb_social_media_follow _builder_version=\u00a0\u00bb4.20.2&Prime; _module_preset=\u00a0\u00bbdefault\u00a0\u00bb custom_margin=\u00a0\u00bb||-27px|||\u00a0\u00bb global_colors_info=\u00a0\u00bb{}\u00a0\u00bb][et_pb_social_media_follow_network social_network=\u00a0\u00bbfacebook\u00a0\u00bb url=\u00a0\u00bbhttps:\/\/www.facebook.com\/WomenInTechOrg\/\u00a0\u00bb _builder_version=\u00a0\u00bb4.20.2&Prime; _module_preset=\u00a0\u00bbdefault\u00a0\u00bb background_color=\u00a0\u00bb#3b5998&Prime; global_colors_info=\u00a0\u00bb{}\u00a0\u00bb follow_button=\u00a0\u00bboff\u00a0\u00bb url_new_window=\u00a0\u00bbon\u00a0\u00bb]Facebook[\/et_pb_social_media_follow_network][et_pb_social_media_follow_network social_network=\u00a0\u00bbtwitter\u00a0\u00bb url=\u00a0\u00bbhttps:\/\/twitter.com\/womenintechorg\u00a0\u00bb _builder_version=\u00a0\u00bb4.22.2&Prime; _module_preset=\u00a0\u00bbdefault\u00a0\u00bb background_color=\u00a0\u00bb#000000&Prime; global_colors_info=\u00a0\u00bb{}\u00a0\u00bb follow_button=\u00a0\u00bboff\u00a0\u00bb url_new_window=\u00a0\u00bbon\u00a0\u00bb]twitter[\/et_pb_social_media_follow_network][et_pb_social_media_follow_network social_network=\u00a0\u00bblinkedin\u00a0\u00bb url=\u00a0\u00bbhttps:\/\/www.linkedin.com\/company\/womenintechorg\/\u00a0\u00bb _builder_version=\u00a0\u00bb4.20.2&Prime; _module_preset=\u00a0\u00bbdefault\u00a0\u00bb background_color=\u00a0\u00bb#007bb6&Prime; global_colors_info=\u00a0\u00bb{}\u00a0\u00bb follow_button=\u00a0\u00bboff\u00a0\u00bb url_new_window=\u00a0\u00bbon\u00a0\u00bb]linkedin[\/et_pb_social_media_follow_network][et_pb_social_media_follow_network social_network=\u00a0\u00bbyoutube\u00a0\u00bb url=\u00a0\u00bbhttps:\/\/www.youtube.com\/@WomeninTech\u00a0\u00bb _builder_version=\u00a0\u00bb4.20.2&Prime; _module_preset=\u00a0\u00bbdefault\u00a0\u00bb background_color=\u00a0\u00bb#a82400&Prime; global_colors_info=\u00a0\u00bb{}\u00a0\u00bb follow_button=\u00a0\u00bboff\u00a0\u00bb url_new_window=\u00a0\u00bbon\u00a0\u00bb]youtube[\/et_pb_social_media_follow_network][et_pb_social_media_follow_network social_network=\u00a0\u00bbinstagram\u00a0\u00bb url=\u00a0\u00bbhttps:\/\/www.instagram.com\/womenintechorg\u00a0\u00bb _builder_version=\u00a0\u00bb4.20.2&Prime; _module_preset=\u00a0\u00bbdefault\u00a0\u00bb background_color=\u00a0\u00bb#ea2c59&Prime; global_colors_info=\u00a0\u00bb{}\u00a0\u00bb follow_button=\u00a0\u00bboff\u00a0\u00bb url_new_window=\u00a0\u00bbon\u00a0\u00bb]instagram[\/et_pb_social_media_follow_network][et_pb_social_media_follow_network social_network=\u00a0\u00bbvimeo\u00a0\u00bb url=\u00a0\u00bbhttps:\/\/vimeo.com\/user125897445&Prime; _builder_version=\u00a0\u00bb4.20.2&Prime; _module_preset=\u00a0\u00bbdefault\u00a0\u00bb background_color=\u00a0\u00bb#45bbff\u00a0\u00bb global_colors_info=\u00a0\u00bb{}\u00a0\u00bb follow_button=\u00a0\u00bboff\u00a0\u00bb url_new_window=\u00a0\u00bbon\u00a0\u00bb]vimeo[\/et_pb_social_media_follow_network][\/et_pb_social_media_follow][\/et_pb_column][et_pb_column type=\u00a0\u00bb1_2&Prime; _builder_version=\u00a0\u00bb4.20.2&Prime; _module_preset=\u00a0\u00bbdefault\u00a0\u00bb global_colors_info=\u00a0\u00bb{}\u00a0\u00bb][et_pb_button button_url=\u00a0\u00bbhttps:\/\/women-in-tech.org\/\u00a0\u00bb url_new_window=\u00a0\u00bbon\u00a0\u00bb button_text=\u00a0\u00bb Site web Women in Tech\u00a0\u00bb button_alignment=\u00a0\u00bbright\u00a0\u00bb _builder_version=\u00a0\u00bb4.25.1&Prime; _module_preset=\u00a0\u00bbdefault\u00a0\u00bb custom_button=\u00a0\u00bbon\u00a0\u00bb button_text_size=\u00a0\u00bb16px\u00a0\u00bb button_text_color=\u00a0\u00bb#000000&Prime; global_colors_info=\u00a0\u00bb{}\u00a0\u00bb][\/et_pb_button][\/et_pb_column][\/et_pb_row][\/et_pb_section][et_pb_section fb_built=\u00a0\u00bb1&Prime; admin_label=\u00a0\u00bbFeatured Models\u00a0\u00bb _builder_version=\u00a0\u00bb4.24.2&Prime; _module_preset=\u00a0\u00bbdefault\u00a0\u00bb custom_margin=\u00a0\u00bb-5px|||||\u00a0\u00bb custom_padding=\u00a0\u00bb||0px|||\u00a0\u00bb collapsed=\u00a0\u00bbon\u00a0\u00bb global_colors_info=\u00a0\u00bb{}\u00a0\u00bb][et_pb_row _builder_version=\u00a0\u00bb4.24.2&Prime; _module_preset=\u00a0\u00bbdefault\u00a0\u00bb width=\u00a0\u00bb90%\u00a0\u00bb max_width=\u00a0\u00bb2000px\u00a0\u00bb global_colors_info=\u00a0\u00bb{}\u00a0\u00bb][et_pb_column type=\u00a0\u00bb4_4&Prime; _builder_version=\u00a0\u00bb4.24.2&Prime; _module_preset=\u00a0\u00bbdefault\u00a0\u00bb global_colors_info=\u00a0\u00bb{}\u00a0\u00bb][et_pb_text _builder_version=\u00a0\u00bb4.24.2&Prime; _module_preset=\u00a0\u00bbf2ead3ad-3c8b-42e6-84ef-b62213252a7b\u00a0\u00bb global_colors_info=\u00a0\u00bb{}\u00a0\u00bb]<\/p>\n<h2>R\u00e9sultats des clients<\/h2>\n<p>[\/et_pb_text][\/et_pb_column][\/et_pb_row][et_pb_row column_structure=\u00a0\u00bb1_3,1_3,1_3&Prime; _builder_version=\u00a0\u00bb4.24.2&Prime; _module_preset=\u00a0\u00bbdefault\u00a0\u00bb width=\u00a0\u00bb90%\u00a0\u00bb max_width=\u00a0\u00bb2000px\u00a0\u00bb custom_padding=\u00a0\u00bb||9px|||\u00a0\u00bb global_colors_info=\u00a0\u00bb{}\u00a0\u00bb][et_pb_column type=\u00a0\u00bb1_3&Prime; _builder_version=\u00a0\u00bb4.24.2&Prime; _module_preset=\u00a0\u00bbdefault\u00a0\u00bb global_colors_info=\u00a0\u00bb{}\u00a0\u00bb][et_pb_number_counter title=\u00a0\u00bbMembres sur Instagram\u00a0\u00bb number=\u00a0\u00bb+10 000&Prime; percent_sign=\u00a0\u00bboff\u00a0\u00bb _builder_version=\u00a0\u00bb4.25.1&Prime; _module_preset=\u00a0\u00bbdefault\u00a0\u00bb title_text_color=\u00a0\u00bb#000000&Prime; number_text_color=\u00a0\u00bb#E09900&Prime; background_color=\u00a0\u00bbRGBA(255,255,255,0)\u00a0\u00bb global_colors_info=\u00a0\u00bb{}\u00a0\u00bb][\/et_pb_number_counter][et_pb_text _builder_version=\u00a0\u00bb4.24.3&Prime; _module_preset=\u00a0\u00bbae1e23e4-d983-4b8b-8702-2c0a5381cc74&Prime; global_colors_info=\u00a0\u00bb{}\u00a0\u00bb][\/et_pb_text][\/et_pb_column][et_pb_column type=\u00a0\u00bb1_3&Prime; _builder_version=\u00a0\u00bb4.24.2&Prime; _module_preset=\u00a0\u00bbdefault\u00a0\u00bb global_colors_info=\u00a0\u00bb{}\u00a0\u00bb][et_pb_number_counter title=\u00a0\u00bbMembres sur LinkedIn\u00a0\u00bb number=\u00a0\u00bb+100K\u00a0\u00bb percent_sign=\u00a0\u00bboff\u00a0\u00bb _builder_version=\u00a0\u00bb4.25.0&Prime; _module_preset=\u00a0\u00bbdefault\u00a0\u00bb title_text_color=\u00a0\u00bb#000000&Prime; number_text_color=\u00a0\u00bb#E09900&Prime; background_color=\u00a0\u00bbRGBA(255,255,255,0)\u00a0\u00bb global_colors_info=\u00a0\u00bb{}\u00a0\u00bb][\/et_pb_number_counter][\/et_pb_column][et_pb_column type=\u00a0\u00bb1_3&Prime; _builder_version=\u00a0\u00bb4.24.2&Prime; _module_preset=\u00a0\u00bbdefault\u00a0\u00bb global_colors_info=\u00a0\u00bb{}\u00a0\u00bb][et_pb_number_counter title=\u00a0\u00bb\u00c9v\u00e9nements dans le monde\u00a0\u00bb number=\u00a0\u00bb+500&Prime; percent_sign=\u00a0\u00bboff\u00a0\u00bb _builder_version=\u00a0\u00bb4.25.1&Prime; _module_preset=\u00a0\u00bbdefault\u00a0\u00bb title_text_color=\u00a0\u00bb#000000&Prime; number_text_color=\u00a0\u00bb#E09900&Prime; background_color=\u00a0\u00bbRGBA(255,255,255,0)\u00a0\u00bb global_colors_info=\u00a0\u00bb{}\u00a0\u00bb][\/et_pb_number_counter][\/et_pb_column][\/et_pb_row][\/et_pb_section][et_pb_section fb_built=\u00a0\u00bb1&Prime; _builder_version=\u00a0\u00bb4.25.1&Prime; _module_preset=\u00a0\u00bbdefault\u00a0\u00bb global_colors_info=\u00a0\u00bb{}\u00a0\u00bb][et_pb_row column_structure=\u00a0\u00bb1_5,3_5,1_5&Prime; _builder_version=\u00a0\u00bb4.20.2&Prime; _module_preset=\u00a0\u00bbdefault\u00a0\u00bb global_colors_info=\u00a0\u00bb{}\u00a0\u00bb][et_pb_column type=\u00a0\u00bb1_5&Prime; _builder_version=\u00a0\u00bb4.20.2&Prime; _module_preset=\u00a0\u00bbdefault\u00a0\u00bb global_colors_info=\u00a0\u00bb{}\u00a0\u00bb][\/et_pb_column][et_pb_column type=\u00a0\u00bb3_5&Prime; _builder_version=\u00a0\u00bb4.20.2&Prime; _module_preset=\u00a0\u00bbdefault\u00a0\u00bb global_colors_info=\u00a0\u00bb{}\u00a0\u00bb][et_pb_testimonial author=\u00a0\u00bbMaria Ana Peres\u00a0\u00bb job_title=\u00a0\u00bbWomen in Tech Portugal\u00a0\u00bb _builder_version=\u00a0\u00bb4.20.2&Prime; _module_preset=\u00a0\u00bbdefault\u00a0\u00bb author_text_align=\u00a0\u00bbleft\u00a0\u00bb background_color=\u00a0\u00bb#FFFFFF\u00a0\u00bb custom_margin=\u00a0\u00bb||1px|||\u00a0\u00bb border_width_all=\u00a0\u00bb1px\u00a0\u00bb global_colors_info=\u00a0\u00bb{}\u00a0\u00bb]<\/p>\n<div class=\"profile-recommendation__wrapper collapse in\">\n<article data-recoid=\"633b32fd0a712039ff3a044f\" data-translation-id=\"633b32fd0a712039ff3a044f\" id=\"633b32fd0a712039ff3a044f\" data-root-item=\"\" class=\"profile-recommendation__item profile-edition__list-item edit-mode\">\n<div class=\"profile-recommendation__content\">\n<p class=\"profile-recommendation__text\">Carenza a fait un travail remarquable dans la gestion des comptes de r\u00e9seaux sociaux de WIT. Elle a fait preuve de proactivit\u00e9 et d&rsquo;intelligence dans la r\u00e9daction. Carenza a port\u00e9 une attention particuli\u00e8re aux d\u00e9tails des publications pour assurer la coh\u00e9rence sur l&rsquo;ensemble des comptes de r\u00e9seaux sociaux &#8211; je la recommande vivement et j&rsquo;aimerais travailler avec elle \u00e0 l&rsquo;avenir !  <\/p>\n<\/div>\n<\/article>\n<\/div>\n<div class=\"profile-recommendation__wrapper collapse in\">\n<article data-recoid=\"633bedb8df72c941bc657ecc\" data-translation-id=\"633bedb8df72c941bc657ecc\" id=\"633bedb8df72c941bc657ecc\" data-root-item=\"\" class=\"profile-recommendation__item profile-edition__list-item edit-mode\"><\/article>\n<\/div>\n<p>[\/et_pb_testimonial][\/et_pb_column][et_pb_column type=\u00a0\u00bb1_5&Prime; _builder_version=\u00a0\u00bb4.20.2&Prime; _module_preset=\u00a0\u00bbdefault\u00a0\u00bb global_colors_info=\u00a0\u00bb{}\u00a0\u00bb][\/et_pb_column][\/et_pb_row][\/et_pb_section][et_pb_section fb_built=\u00a0\u00bb1&Prime; _builder_version=\u00a0\u00bb4.25.1&Prime; _module_preset=\u00a0\u00bbdefault\u00a0\u00bb global_colors_info=\u00a0\u00bb{}\u00a0\u00bb][et_pb_row column_structure=\u00a0\u00bb1_2,1_2&Prime; _builder_version=\u00a0\u00bb4.25.1&Prime; _module_preset=\u00a0\u00bbdefault\u00a0\u00bb global_colors_info=\u00a0\u00bb{}\u00a0\u00bb][et_pb_column type=\u00a0\u00bb1_2&Prime; _builder_version=\u00a0\u00bb4.25.1&Prime; _module_preset=\u00a0\u00bbdefault\u00a0\u00bb global_colors_info=\u00a0\u00bb{}\u00a0\u00bb][et_pb_image src=\u00a0\u00bbhttps:\/\/carenza-brown.com\/wp-content\/uploads\/2024\/05\/instagram-wit-wall.jpg\u00a0\u00bb title_text=\u00a0\u00bbCapture d&apos;\u00e9cran\u00a0\u00bb _builder_version=\u00a0\u00bb4.25.1&Prime; _module_preset=\u00a0\u00bbdefault\u00a0\u00bb global_colors_info=\u00a0\u00bb{}\u00a0\u00bb][\/et_pb_image][et_pb_text _builder_version=\u00a0\u00bb4.27.4&Prime; _module_preset=\u00a0\u00bbdefault\u00a0\u00bb hover_enabled=\u00a0\u00bb0&Prime; sticky_enabled=\u00a0\u00bb0&Prime;]<\/p>\n<h3 data-start=\"0\" data-end=\"55\"><em>Visuels Instagram pr\u00e9sentant les intervenants internationaux<\/em><\/h3>\n<p><em>Women in Tech Global Forum 2021 \u2013 \u00c9dition de Sharjah<\/em><\/p>\n<p data-start=\"57\" data-end=\"317\">Le <strong data-start=\"61\" data-end=\"102\">Forum Mondial Women in Technology 2021<\/strong>, tenu \u00e0 <strong data-start=\"112\" data-end=\"123\">Sharjah<\/strong> les <strong data-start=\"127\" data-end=\"145\">23 et 24 f\u00e9vrier<\/strong>, a r\u00e9uni des leaders influents, des innovateurs et des entrepreneurs du monde entier pour discuter de la <strong data-start=\"248\" data-end=\"314\">diversit\u00e9 des genres, de l&rsquo;innovation et de l&rsquo;inclusion dans le secteur technologique<\/strong>.<\/p>\n<p data-start=\"319\" data-end=\"637\">L&rsquo;\u00e9v\u00e9nement a accueilli des intervenants de haut niveau tels que Paula Bellizia (Google), Ann Aerts (Fondation Novartis), Andrea Sesum (Ontario College of Business &amp; Technology), Melda Akin (D14.AI), et bien d&rsquo;autres, partageant chacun leurs perspectives sur le <strong data-start=\"559\" data-end=\"634\">leadership f\u00e9minin, la transformation digitale et l&rsquo;avenir de la technologie<\/strong>.<\/p>\n<p data-start=\"639\" data-end=\"880\">Dans le cadre de la <strong data-start=\"654\" data-end=\"685\">mission de l&rsquo;ONG Women in Tech<\/strong> de promouvoir l&rsquo;\u00e9galit\u00e9 et l&rsquo;autonomisation dans les STEM, le forum a propos\u00e9 des <strong data-start=\"749\" data-end=\"794\">keynotes, des panels et des sessions de networking<\/strong> mettant en lumi\u00e8re les initiatives mondiales qui brisent les barri\u00e8res pour les femmes dans l&rsquo;industrie.<\/p>\n<p data-start=\"882\" data-end=\"1101\">Cette campagne incluait la <strong data-start=\"909\" data-end=\"950\">cr\u00e9ation d&rsquo;une identit\u00e9 digitale forte<\/strong> sur toutes les plateformes, avec des <strong data-start=\"974\" data-end=\"1033\">visuels Instagram mettant en valeur les intervenants internationaux<\/strong>, renfor\u00e7ant la visibilit\u00e9 et l&rsquo;impact de l&rsquo;ONG sur la sc\u00e8ne mondiale.<\/p>\n<p>[\/et_pb_text][\/et_pb_column][et_pb_column type=\u00a0\u00bb1_2&Prime; _builder_version=\u00a0\u00bb4.25.1&Prime; _module_preset=\u00a0\u00bbdefault\u00a0\u00bb global_colors_info=\u00a0\u00bb{}\u00a0\u00bb][et_pb_image src=\u00a0\u00bbhttps:\/\/carenza-brown.com\/wp-content\/uploads\/2024\/05\/website-wit.jpg\u00a0\u00bb title_text=\u00a0\u00bbCapture d&apos;\u00e9cran\u00a0\u00bb _builder_version=\u00a0\u00bb4.25.1&Prime; _module_preset=\u00a0\u00bbdefault\u00a0\u00bb global_colors_info=\u00a0\u00bb{}\u00a0\u00bb][\/et_pb_image][et_pb_text _builder_version=\u00a0\u00bb4.27.4&Prime; _module_preset=\u00a0\u00bbdefault\u00a0\u00bb hover_enabled=\u00a0\u00bb0&Prime; sticky_enabled=\u00a0\u00bb0&Prime;]<\/p>\n<h3><em>Site officiel Women in Tech\u00ae<\/em><\/h3>\n<p data-start=\"39\" data-end=\"251\">Le site web de <strong data-start=\"43\" data-end=\"61\">Women in Tech\u00ae<\/strong> sert de hub digital pour l&rsquo;organisation internationale \u00e0 but non lucratif d\u00e9di\u00e9e \u00e0 <strong data-start=\"155\" data-end=\"195\">combler l&rsquo;\u00e9cart entre les genres dans la technologie<\/strong> et \u00e0 <strong data-start=\"200\" data-end=\"248\">autonomiser 5 millions de femmes et de filles d&rsquo;ici 2030<\/strong>.<\/p>\n<p data-start=\"253\" data-end=\"639\">\u00c0 travers une interface moderne et dynamique, la plateforme pr\u00e9sente les initiatives mondiales de l&rsquo;ONG, incluant les <strong data-start=\"352\" data-end=\"428\">programmes de mentorat, la formation au leadership, les \u00e9v\u00e9nements et les campagnes de sensibilisation<\/strong> promouvant l&rsquo;acc\u00e8s des femmes \u00e0 la technologie. Elle met \u00e9galement en avant les <strong data-start=\"488\" data-end=\"507\">success stories<\/strong>, les <strong data-start=\"509\" data-end=\"529\">partenariats cl\u00e9s<\/strong> et les opportunit\u00e9s de <strong data-start=\"552\" data-end=\"568\">s&rsquo;impliquer<\/strong> via le b\u00e9n\u00e9volat, la participation aux \u00e9v\u00e9nements ou les r\u00e9seaux professionnels. <\/p>\n<p data-start=\"641\" data-end=\"862\">Le site web refl\u00e8te la <strong data-start=\"662\" data-end=\"689\">mission de Women in Tech<\/strong> de faire de la technologie un moteur d&rsquo;\u00e9galit\u00e9 et d&rsquo;inclusion, alignant sa communication avec l&rsquo;<strong data-start=\"781\" data-end=\"859\">Objectif de D\u00e9veloppement Durable 5b des Nations Unies : exploiter la technologie pour autonomiser les femmes<\/strong>.<\/p>\n<p>[\/et_pb_text][et_pb_image src=\u00a0\u00bbhttps:\/\/carenza-brown.com\/wp-content\/uploads\/2024\/04\/loreal.jpeg\u00a0\u00bb title_text=\u00a0\u00bbL&apos;Or\u00e9al\u00a0\u00bb _builder_version=\u00a0\u00bb4.25.1&Prime; _module_preset=\u00a0\u00bbdefault\u00a0\u00bb global_colors_info=\u00a0\u00bb{}\u00a0\u00bb][\/et_pb_image][et_pb_text _builder_version=\u00a0\u00bb4.27.4&Prime; _module_preset=\u00a0\u00bbdefault\u00a0\u00bb hover_enabled=\u00a0\u00bb0&Prime; sticky_enabled=\u00a0\u00bb0&Prime;]<\/p>\n<h3 data-start=\"0\" data-end=\"30\"><em>Stand L&rsquo;Or\u00e9al \u2013 VivaTech<\/em><\/h3>\n<p data-start=\"32\" data-end=\"345\">\u00c0 <strong data-start=\"35\" data-end=\"47\">VivaTech<\/strong>, L&rsquo;Or\u00e9al a organis\u00e9 un panel captivant sur l&rsquo;<strong data-start=\"85\" data-end=\"141\">innovation, la diversit\u00e9 et l&rsquo;avenir de la beaut\u00e9 technologique<\/strong>. La discussion a r\u00e9uni des professionnels et des leaders d&rsquo;opinion pour \u00e9changer sur la fa\u00e7on dont la technologie transforme l&rsquo;industrie de la beaut\u00e9 \u2014 de la <strong data-start=\"274\" data-end=\"303\">personnalisation bas\u00e9e sur l&rsquo;IA<\/strong> au <strong data-start=\"307\" data-end=\"342\">d\u00e9veloppement de produits durables<\/strong>. <\/p>\n<p data-start=\"347\" data-end=\"560\">La session a mis en lumi\u00e8re l&rsquo;<strong data-start=\"371\" data-end=\"435\">engagement de L&rsquo;Or\u00e9al envers l&rsquo;inclusion et la transformation digitale<\/strong>, d\u00e9montrant comment le groupe int\u00e8gre les nouvelles technologies pour cr\u00e9er des exp\u00e9riences beaut\u00e9 plus inclusives, \u00e9thiques et connect\u00e9es.<\/p>\n<p data-start=\"562\" data-end=\"727\">Le stand a servi \u00e0 la fois de <strong data-start=\"590\" data-end=\"635\">vitrine interactive et de hub de networking<\/strong>, renfor\u00e7ant l&rsquo;image de L&rsquo;Or\u00e9al en tant que <strong data-start=\"670\" data-end=\"724\">pionnier mondial de la technologie et de l&rsquo;innovation dans la beaut\u00e9<\/strong>.<\/p>\n<p>[\/et_pb_text][\/et_pb_column][\/et_pb_row][\/et_pb_section][et_pb_section fb_built=\u00a0\u00bb1&Prime; admin_label=\u00a0\u00bbFooter\u00a0\u00bb _builder_version=\u00a0\u00bb4.20.0&Prime; _module_preset=\u00a0\u00bbdefault\u00a0\u00bb background_color=\u00a0\u00bb#000000&Prime; custom_margin=\u00a0\u00bb-3px|||||\u00a0\u00bb global_module=\u00a0\u00bb442&Prime; saved_tabs=\u00a0\u00bball\u00a0\u00bb collapsed=\u00a0\u00bbon\u00a0\u00bb global_colors_info=\u00a0\u00bb{}\u00a0\u00bb][et_pb_row _builder_version=\u00a0\u00bb4.20.0&Prime; _module_preset=\u00a0\u00bbdefault\u00a0\u00bb global_colors_info=\u00a0\u00bb{}\u00a0\u00bb][et_pb_column type=\u00a0\u00bb4_4&Prime; _builder_version=\u00a0\u00bb4.20.0&Prime; _module_preset=\u00a0\u00bbdefault\u00a0\u00bb global_colors_info=\u00a0\u00bb{}\u00a0\u00bb][et_pb_text _builder_version=\u00a0\u00bb4.25.0&Prime; _module_preset=\u00a0\u00bb6686f85f-db37-450c-81ae-211b333f9777&Prime; header_2_text_color=\u00a0\u00bb#FFFFFF\u00a0\u00bb text_orientation=\u00a0\u00bbcenter\u00a0\u00bb custom_css_free_form=\u00a0\u00bb.mce-content-body h2 span strong em span {||  text-shadow: 0px 0px 0px Linen, 0px 0px 20px Linen, 0px 0px 35px Linen, 0px 0px 30px Linen;||    font-size: 25px;||}\u00a0\u00bb inline_fonts=\u00a0\u00bbMontserrat\u00a0\u00bb global_colors_info=\u00a0\u00bb{}\u00a0\u00bb]<\/p>\n<h2><span style=\"font-size: small; color: #ffffff;\"><strong><em><span style=\"font-family: Montserrat;\">Cr\u00e9ons ensemble quelque chose d&rsquo;extraordinaire<\/span><\/em><\/strong><\/span><\/h2>\n<p>[\/et_pb_text][et_pb_contact_form use_spam_service=\u00a0\u00bbon\u00a0\u00bb recaptcha_list=\u00a0\u00bbCarenza Brown-0&Prime; email=\u00a0\u00bbcontact@carenza-brown.com\u00a0\u00bb success_message=\u00a0\u00bbMerci pour votre message \u00a0\u00bb submit_button_text=\u00a0\u00bbEnvoyer\u00a0\u00bb _builder_version=\u00a0\u00bb4.27.4&Prime; _module_preset=\u00a0\u00bbf818b33c-39a5-4ce4-a4da-592ec9a1a3f7&Prime; form_field_focus_background_color=\u00a0\u00bb#FFFFFF\u00a0\u00bb form_field_focus_text_color=\u00a0\u00bb#8300E9&Prime; form_field_custom_margin=\u00a0\u00bb||||false|false\u00a0\u00bb form_field_custom_padding=\u00a0\u00bb|10px||10px|false|true\u00a0\u00bb button_text_size=\u00a0\u00bb15px\u00a0\u00bb button_custom_padding=\u00a0\u00bb5px|15px|5px|15px|true|true\u00a0\u00bb max_width=\u00a0\u00bb700px\u00a0\u00bb module_alignment=\u00a0\u00bbcenter\u00a0\u00bb custom_margin=\u00a0\u00bb||||false|true\u00a0\u00bb custom_padding=\u00a0\u00bb0px||||false|false\u00a0\u00bb border_radii=\u00a0\u00bbon|3px|3px|3px|3px\u00a0\u00bb border_width_all=\u00a0\u00bb1px\u00a0\u00bb locked=\u00a0\u00bboff\u00a0\u00bb global_colors_info=\u00a0\u00bb{}\u00a0\u00bb][et_pb_contact_field field_id=\u00a0\u00bbName\u00a0\u00bb field_title=\u00a0\u00bbNom\u00a0\u00bb fullwidth_field=\u00a0\u00bbon\u00a0\u00bb _builder_version=\u00a0\u00bb4.16&Prime; _module_preset=\u00a0\u00bbdefault\u00a0\u00bb global_colors_info=\u00a0\u00bb{}\u00a0\u00bb button_text_size__hover_enabled=\u00a0\u00bboff\u00a0\u00bb button_one_text_size__hover_enabled=\u00a0\u00bboff\u00a0\u00bb button_two_text_size__hover_enabled=\u00a0\u00bboff\u00a0\u00bb button_text_color__hover_enabled=\u00a0\u00bboff\u00a0\u00bb button_one_text_color__hover_enabled=\u00a0\u00bboff\u00a0\u00bb button_two_text_color__hover_enabled=\u00a0\u00bboff\u00a0\u00bb button_border_width__hover_enabled=\u00a0\u00bboff\u00a0\u00bb button_one_border_width__hover_enabled=\u00a0\u00bboff\u00a0\u00bb button_two_border_width__hover_enabled=\u00a0\u00bboff\u00a0\u00bb button_border_color__hover_enabled=\u00a0\u00bboff\u00a0\u00bb button_one_border_color__hover_enabled=\u00a0\u00bboff\u00a0\u00bb button_two_border_color__hover_enabled=\u00a0\u00bboff\u00a0\u00bb button_border_radius__hover_enabled=\u00a0\u00bboff\u00a0\u00bb button_one_border_radius__hover_enabled=\u00a0\u00bboff\u00a0\u00bb button_two_border_radius__hover_enabled=\u00a0\u00bboff\u00a0\u00bb button_letter_spacing__hover_enabled=\u00a0\u00bboff\u00a0\u00bb button_one_letter_spacing__hover_enabled=\u00a0\u00bboff\u00a0\u00bb button_two_letter_spacing__hover_enabled=\u00a0\u00bboff\u00a0\u00bb button_bg_color__hover_enabled=\u00a0\u00bboff\u00a0\u00bb button_one_bg_color__hover_enabled=\u00a0\u00bboff\u00a0\u00bb button_two_bg_color__hover_enabled=\u00a0\u00bboff\u00a0\u00bb][\/et_pb_contact_field][et_pb_contact_field field_id=\u00a0\u00bbEmail\u00a0\u00bb field_title=\u00a0\u00bbAdresse e-mail\u00a0\u00bb field_type=\u00a0\u00bbemail\u00a0\u00bb fullwidth_field=\u00a0\u00bbon\u00a0\u00bb _builder_version=\u00a0\u00bb4.16&Prime; _module_preset=\u00a0\u00bbdefault\u00a0\u00bb global_colors_info=\u00a0\u00bb{}\u00a0\u00bb button_text_size__hover_enabled=\u00a0\u00bboff\u00a0\u00bb button_one_text_size__hover_enabled=\u00a0\u00bboff\u00a0\u00bb button_two_text_size__hover_enabled=\u00a0\u00bboff\u00a0\u00bb button_text_color__hover_enabled=\u00a0\u00bboff\u00a0\u00bb button_one_text_color__hover_enabled=\u00a0\u00bboff\u00a0\u00bb button_two_text_color__hover_enabled=\u00a0\u00bboff\u00a0\u00bb button_border_width__hover_enabled=\u00a0\u00bboff\u00a0\u00bb button_one_border_width__hover_enabled=\u00a0\u00bboff\u00a0\u00bb button_two_border_width__hover_enabled=\u00a0\u00bboff\u00a0\u00bb button_border_color__hover_enabled=\u00a0\u00bboff\u00a0\u00bb button_one_border_color__hover_enabled=\u00a0\u00bboff\u00a0\u00bb button_two_border_color__hover_enabled=\u00a0\u00bboff\u00a0\u00bb button_border_radius__hover_enabled=\u00a0\u00bboff\u00a0\u00bb button_one_border_radius__hover_enabled=\u00a0\u00bboff\u00a0\u00bb button_two_border_radius__hover_enabled=\u00a0\u00bboff\u00a0\u00bb button_letter_spacing__hover_enabled=\u00a0\u00bboff\u00a0\u00bb button_one_letter_spacing__hover_enabled=\u00a0\u00bboff\u00a0\u00bb button_two_letter_spacing__hover_enabled=\u00a0\u00bboff\u00a0\u00bb button_bg_color__hover_enabled=\u00a0\u00bboff\u00a0\u00bb button_one_bg_color__hover_enabled=\u00a0\u00bboff\u00a0\u00bb button_two_bg_color__hover_enabled=\u00a0\u00bboff\u00a0\u00bb][\/et_pb_contact_field][et_pb_contact_field field_id=\u00a0\u00bbMessage\u00a0\u00bb field_title=\u00a0\u00bbMessage\u00a0\u00bb field_type=\u00a0\u00bbtext\u00a0\u00bb fullwidth_field=\u00a0\u00bbon\u00a0\u00bb _builder_version=\u00a0\u00bb4.16&Prime; _module_preset=\u00a0\u00bbdefault\u00a0\u00bb global_colors_info=\u00a0\u00bb{}\u00a0\u00bb button_text_size__hover_enabled=\u00a0\u00bboff\u00a0\u00bb button_one_text_size__hover_enabled=\u00a0\u00bboff\u00a0\u00bb button_two_text_size__hover_enabled=\u00a0\u00bboff\u00a0\u00bb button_text_color__hover_enabled=\u00a0\u00bboff\u00a0\u00bb button_one_text_color__hover_enabled=\u00a0\u00bboff\u00a0\u00bb button_two_text_color__hover_enabled=\u00a0\u00bboff\u00a0\u00bb button_border_width__hover_enabled=\u00a0\u00bboff\u00a0\u00bb button_one_border_width__hover_enabled=\u00a0\u00bboff\u00a0\u00bb button_two_border_width__hover_enabled=\u00a0\u00bboff\u00a0\u00bb button_border_color__hover_enabled=\u00a0\u00bboff\u00a0\u00bb button_one_border_color__hover_enabled=\u00a0\u00bboff\u00a0\u00bb button_two_border_color__hover_enabled=\u00a0\u00bboff\u00a0\u00bb button_border_radius__hover_enabled=\u00a0\u00bboff\u00a0\u00bb button_one_border_radius__hover_enabled=\u00a0\u00bboff\u00a0\u00bb button_two_border_radius__hover_enabled=\u00a0\u00bboff\u00a0\u00bb button_letter_spacing__hover_enabled=\u00a0\u00bboff\u00a0\u00bb button_one_letter_spacing__hover_enabled=\u00a0\u00bboff\u00a0\u00bb button_two_letter_spacing__hover_enabled=\u00a0\u00bboff\u00a0\u00bb button_bg_color__hover_enabled=\u00a0\u00bboff\u00a0\u00bb button_one_bg_color__hover_enabled=\u00a0\u00bboff\u00a0\u00bb button_two_bg_color__hover_enabled=\u00a0\u00bboff\u00a0\u00bb][\/et_pb_contact_field][\/et_pb_contact_form][et_pb_social_media_follow _builder_version=\u00a0\u00bb4.24.3&Prime; _module_preset=\u00a0\u00bbdefault\u00a0\u00bb text_orientation=\u00a0\u00bbcenter\u00a0\u00bb text_orientation_tablet=\u00a0\u00bbleft\u00a0\u00bb text_orientation_last_edited=\u00a0\u00bboff|desktop\u00a0\u00bb border_radii=\u00a0\u00bbon|100px|100px|100px|100px\u00a0\u00bb border_width_all=\u00a0\u00bb1px\u00a0\u00bb border_color_all=\u00a0\u00bb#FFFFFF\u00a0\u00bb locked=\u00a0\u00bboff\u00a0\u00bb global_colors_info=\u00a0\u00bb{}\u00a0\u00bb][et_pb_social_media_follow_network social_network=\u00a0\u00bblinkedin\u00a0\u00bb url=\u00a0\u00bbhttps:\/\/www.linkedin.com\/in\/carenza-brown\/\u00a0\u00bb _builder_version=\u00a0\u00bb4.24.3&Prime; _module_preset=\u00a0\u00bbdefault\u00a0\u00bb background_enable_color=\u00a0\u00bboff\u00a0\u00bb custom_padding=\u00a0\u00bb4px|4px|4px|4px|true|true\u00a0\u00bb global_colors_info=\u00a0\u00bb{}\u00a0\u00bb follow_button=\u00a0\u00bboff\u00a0\u00bb url_new_window=\u00a0\u00bbon\u00a0\u00bb]linkedin[\/et_pb_social_media_follow_network][et_pb_social_media_follow_network social_network=\u00a0\u00bbtwitter\u00a0\u00bb url=\u00a0\u00bbhttps:\/\/twitter.com\/CarenzaBrown\u00a0\u00bb _builder_version=\u00a0\u00bb4.24.3&Prime; _module_preset=\u00a0\u00bbdefault\u00a0\u00bb custom_padding=\u00a0\u00bb4px|4px|4px|4px|true|true\u00a0\u00bb global_colors_info=\u00a0\u00bb{}\u00a0\u00bb follow_button=\u00a0\u00bboff\u00a0\u00bb url_new_window=\u00a0\u00bbon\u00a0\u00bb]twitter[\/et_pb_social_media_follow_network][et_pb_social_media_follow_network social_network=\u00a0\u00bbinstagram\u00a0\u00bb url=\u00a0\u00bbhttps:\/\/www.instagram.com\/carenzabr\/\u00a0\u00bb _builder_version=\u00a0\u00bb4.24.3&Prime; _module_preset=\u00a0\u00bbdefault\u00a0\u00bb custom_padding=\u00a0\u00bb4px|4px|4px|4px|true|true\u00a0\u00bb global_colors_info=\u00a0\u00bb{}\u00a0\u00bb follow_button=\u00a0\u00bboff\u00a0\u00bb url_new_window=\u00a0\u00bbon\u00a0\u00bb]instagram[\/et_pb_social_media_follow_network][\/et_pb_social_media_follow][\/et_pb_column][\/et_pb_row][et_pb_row column_structure=\u00a0\u00bb1_3,1_3,1_3&Prime; _builder_version=\u00a0\u00bb4.20.0&Prime; _module_preset=\u00a0\u00bbdefault\u00a0\u00bb border_color_all=\u00a0\u00bbgcid-e6f8585f-043d-4f05-ad96-fb05b9e45208&Prime; border_width_top=\u00a0\u00bb1px\u00a0\u00bb global_colors_info=\u00a0\u00bb{%22gcid-e6f8585f-043d-4f05-ad96-fb05b9e45208%22:%91%22border_color_all%22%93}\u00a0\u00bb][et_pb_column type=\u00a0\u00bb1_3&Prime; _builder_version=\u00a0\u00bb4.20.0&Prime; _module_preset=\u00a0\u00bbdefault\u00a0\u00bb global_colors_info=\u00a0\u00bb{}\u00a0\u00bb][et_pb_text _builder_version=\u00a0\u00bb4.20.0&Prime; _module_preset=\u00a0\u00bb275d1037-73b4-4ebf-aff8-36f7e044499a\u00a0\u00bb header_5_text_color=\u00a0\u00bb#FFFFFF\u00a0\u00bb custom_margin=\u00a0\u00bb||0px||false|false\u00a0\u00bb text_orientation_tablet=\u00a0\u00bbcenter\u00a0\u00bb text_orientation_phone=\u00a0\u00bb\u00a0\u00bb text_orientation_last_edited=\u00a0\u00bbon|tablet\u00a0\u00bb global_colors_info=\u00a0\u00bb{}\u00a0\u00bb]<\/p>\n<h5>Localisation<\/h5>\n<p>[\/et_pb_text][et_pb_text _builder_version=\u00a0\u00bb4.24.3&Prime; _module_preset=\u00a0\u00bb0c72fe37-ef52-4d2a-80c8-20af22436dfc\u00a0\u00bb link_text_color=\u00a0\u00bbgcid-e6f8585f-043d-4f05-ad96-fb05b9e45208&Prime; text_orientation_tablet=\u00a0\u00bbcenter\u00a0\u00bb text_orientation_phone=\u00a0\u00bb\u00a0\u00bb text_orientation_last_edited=\u00a0\u00bbon|tablet\u00a0\u00bb global_colors_info=\u00a0\u00bb{%22gcid-e6f8585f-043d-4f05-ad96-fb05b9e45208%22:%91%22link_text_color%22%93}\u00a0\u00bb]<\/p>\n<p>Montpellier, France<\/p>\n<p>[\/et_pb_text][\/et_pb_column][et_pb_column type=\u00a0\u00bb1_3&Prime; _builder_version=\u00a0\u00bb4.20.0&Prime; _module_preset=\u00a0\u00bbdefault\u00a0\u00bb global_colors_info=\u00a0\u00bb{}\u00a0\u00bb][\/et_pb_column][et_pb_column type=\u00a0\u00bb1_3&Prime; _builder_version=\u00a0\u00bb4.20.0&Prime; _module_preset=\u00a0\u00bbdefault\u00a0\u00bb global_colors_info=\u00a0\u00bb{}\u00a0\u00bb][et_pb_text _builder_version=\u00a0\u00bb4.25.2&Prime; _module_preset=\u00a0\u00bb275d1037-73b4-4ebf-aff8-36f7e044499a\u00a0\u00bb header_5_text_color=\u00a0\u00bb#FFFFFF\u00a0\u00bb custom_margin=\u00a0\u00bb||0px||false|false\u00a0\u00bb text_orientation_tablet=\u00a0\u00bbcenter\u00a0\u00bb text_orientation_phone=\u00a0\u00bb\u00a0\u00bb text_orientation_last_edited=\u00a0\u00bbon|tablet\u00a0\u00bb global_colors_info=\u00a0\u00bb{}\u00a0\u00bb]<\/p>\n<h5><a href=\"https:\/\/carenza-brown.com\/fr\/blog\/\">BLOG<\/a><\/h5>\n<p>[\/et_pb_text][\/et_pb_column][\/et_pb_row][\/et_pb_section]<\/p>\n","protected":false},"excerpt":{"rendered":"<p>Women in techWomen in Tech est une organisation \u00e0 but non lucratif mondiale d\u00e9di\u00e9e \u00e0 la promotion de la diversit\u00e9 des genres dans l&rsquo;industrie technologique et \u00e0 l&rsquo;encouragement de la participation des femmes dans les domaines du leadership, de la cr\u00e9ation et de la technique.\u00c0 travers des programmes de mentorat, des conf\u00e9rences, des ateliers et [&hellip;]<\/p>\n","protected":false},"author":1,"featured_media":0,"comment_status":"open","ping_status":"closed","template":"","meta":{"_et_pb_use_builder":"on","_et_pb_old_content":"","_et_gb_content_width":"","footnotes":""},"project_category":[49,47,46,44,45],"project_tag":[],"class_list":["post-985","project","type-project","status-publish","hentry","project_category-audit","project_category-evenements","project_category-redaction-web","project_category-reseaux-sociaux","project_category-site-web"],"yoast_head":"<!-- This site is optimized with the Yoast SEO plugin v27.5 - https:\/\/yoast.com\/product\/yoast-seo-wordpress\/ -->\n<title>Women in tech - Carenza Brown - Communication digitale<\/title>\n<meta name=\"description\" content=\"J&#039;ai dirig\u00e9 la strat\u00e9gie de communication digitale de Women in Tech \u00e0 travers la promotion d&#039;\u00e9v\u00e9nements, la cr\u00e9ation de contenu et la gestion des r\u00e9seaux sociaux\" \/>\n<meta name=\"robots\" content=\"index, follow, max-snippet:-1, max-image-preview:large, max-video-preview:-1\" \/>\n<link rel=\"canonical\" href=\"https:\/\/carenza-brown.com\/fr\/project\/women-in-tech\/\" \/>\n<meta property=\"og:locale\" content=\"fr_FR\" \/>\n<meta property=\"og:type\" content=\"article\" \/>\n<meta property=\"og:title\" content=\"Women in tech - Carenza Brown - Communication digitale\" \/>\n<meta property=\"og:description\" content=\"J&#039;ai dirig\u00e9 la strat\u00e9gie de communication digitale de Women in Tech \u00e0 travers la promotion d&#039;\u00e9v\u00e9nements, la cr\u00e9ation de contenu et la gestion des r\u00e9seaux sociaux\" \/>\n<meta property=\"og:url\" content=\"https:\/\/carenza-brown.com\/fr\/project\/women-in-tech\/\" \/>\n<meta property=\"og:site_name\" content=\"Carenza Brown - Communication digitale\" \/>\n<meta property=\"article:modified_time\" content=\"2025-10-25T16:36:09+00:00\" \/>\n<meta property=\"og:image\" content=\"https:\/\/carenza-brown.com\/wp-content\/uploads\/2023\/03\/Portfolio-women-in-tech.jpg\" \/>\n\t<meta property=\"og:image:width\" content=\"1366\" \/>\n\t<meta property=\"og:image:height\" content=\"768\" \/>\n\t<meta property=\"og:image:type\" content=\"image\/jpeg\" \/>\n<meta name=\"twitter:card\" content=\"summary_large_image\" \/>\n<meta name=\"twitter:label1\" content=\"Dur\u00e9e de lecture estim\u00e9e\" \/>\n\t<meta name=\"twitter:data1\" content=\"17 minutes\" \/>\n<script type=\"application\/ld+json\" class=\"yoast-schema-graph\">{\"@context\":\"https:\\\/\\\/schema.org\",\"@graph\":[{\"@type\":\"WebPage\",\"@id\":\"https:\\\/\\\/carenza-brown.com\\\/fr\\\/project\\\/women-in-tech\\\/\",\"url\":\"https:\\\/\\\/carenza-brown.com\\\/fr\\\/project\\\/women-in-tech\\\/\",\"name\":\"Women in tech - Carenza Brown - Communication digitale\",\"isPartOf\":{\"@id\":\"https:\\\/\\\/carenza-brown.com\\\/fr\\\/#website\"},\"datePublished\":\"2023-03-23T09:44:53+00:00\",\"dateModified\":\"2025-10-25T16:36:09+00:00\",\"description\":\"J'ai dirig\u00e9 la strat\u00e9gie de communication digitale de Women in Tech \u00e0 travers la promotion d'\u00e9v\u00e9nements, la cr\u00e9ation de contenu et la gestion des r\u00e9seaux sociaux\",\"breadcrumb\":{\"@id\":\"https:\\\/\\\/carenza-brown.com\\\/fr\\\/project\\\/women-in-tech\\\/#breadcrumb\"},\"inLanguage\":\"fr-FR\",\"potentialAction\":[{\"@type\":\"ReadAction\",\"target\":[\"https:\\\/\\\/carenza-brown.com\\\/fr\\\/project\\\/women-in-tech\\\/\"]}]},{\"@type\":\"BreadcrumbList\",\"@id\":\"https:\\\/\\\/carenza-brown.com\\\/fr\\\/project\\\/women-in-tech\\\/#breadcrumb\",\"itemListElement\":[{\"@type\":\"ListItem\",\"position\":1,\"name\":\"Home\",\"item\":\"https:\\\/\\\/carenza-brown.com\\\/fr\\\/page-principale\\\/\"},{\"@type\":\"ListItem\",\"position\":2,\"name\":\"Projets\",\"item\":\"https:\\\/\\\/carenza-brown.com\\\/fr\\\/project\\\/\"},{\"@type\":\"ListItem\",\"position\":3,\"name\":\"Women in tech\"}]},{\"@type\":\"WebSite\",\"@id\":\"https:\\\/\\\/carenza-brown.com\\\/fr\\\/#website\",\"url\":\"https:\\\/\\\/carenza-brown.com\\\/fr\\\/\",\"name\":\"Carenza Brown - Communication digitale\",\"description\":\"Gestion &amp; animation de r\u00e9seaux sociaux et site web\",\"publisher\":{\"@id\":\"https:\\\/\\\/carenza-brown.com\\\/fr\\\/#organization\"},\"potentialAction\":[{\"@type\":\"SearchAction\",\"target\":{\"@type\":\"EntryPoint\",\"urlTemplate\":\"https:\\\/\\\/carenza-brown.com\\\/fr\\\/?s={search_term_string}\"},\"query-input\":{\"@type\":\"PropertyValueSpecification\",\"valueRequired\":true,\"valueName\":\"search_term_string\"}}],\"inLanguage\":\"fr-FR\"},{\"@type\":\"Organization\",\"@id\":\"https:\\\/\\\/carenza-brown.com\\\/fr\\\/#organization\",\"name\":\"Carenza Brown - Communication digitale\",\"url\":\"https:\\\/\\\/carenza-brown.com\\\/fr\\\/\",\"logo\":{\"@type\":\"ImageObject\",\"inLanguage\":\"fr-FR\",\"@id\":\"https:\\\/\\\/carenza-brown.com\\\/fr\\\/#\\\/schema\\\/logo\\\/image\\\/\",\"url\":\"https:\\\/\\\/carenza-brown.com\\\/wp-content\\\/uploads\\\/2024\\\/05\\\/carenza-brown-logo-3.png\",\"contentUrl\":\"https:\\\/\\\/carenza-brown.com\\\/wp-content\\\/uploads\\\/2024\\\/05\\\/carenza-brown-logo-3.png\",\"width\":1366,\"height\":355,\"caption\":\"Carenza Brown - Communication digitale\"},\"image\":{\"@id\":\"https:\\\/\\\/carenza-brown.com\\\/fr\\\/#\\\/schema\\\/logo\\\/image\\\/\"}}]}<\/script>\n<!-- \/ Yoast SEO plugin. -->","yoast_head_json":{"title":"Women in tech - Carenza Brown - Communication digitale","description":"J'ai dirig\u00e9 la strat\u00e9gie de communication digitale de Women in Tech \u00e0 travers la promotion d'\u00e9v\u00e9nements, la cr\u00e9ation de contenu et la gestion des r\u00e9seaux sociaux","robots":{"index":"index","follow":"follow","max-snippet":"max-snippet:-1","max-image-preview":"max-image-preview:large","max-video-preview":"max-video-preview:-1"},"canonical":"https:\/\/carenza-brown.com\/fr\/project\/women-in-tech\/","og_locale":"fr_FR","og_type":"article","og_title":"Women in tech - Carenza Brown - Communication digitale","og_description":"J'ai dirig\u00e9 la strat\u00e9gie de communication digitale de Women in Tech \u00e0 travers la promotion d'\u00e9v\u00e9nements, la cr\u00e9ation de contenu et la gestion des r\u00e9seaux sociaux","og_url":"https:\/\/carenza-brown.com\/fr\/project\/women-in-tech\/","og_site_name":"Carenza Brown - Communication digitale","article_modified_time":"2025-10-25T16:36:09+00:00","og_image":[{"width":1366,"height":768,"url":"https:\/\/carenza-brown.com\/wp-content\/uploads\/2023\/03\/Portfolio-women-in-tech.jpg","type":"image\/jpeg"}],"twitter_card":"summary_large_image","twitter_misc":{"Dur\u00e9e de lecture estim\u00e9e":"17 minutes"},"schema":{"@context":"https:\/\/schema.org","@graph":[{"@type":"WebPage","@id":"https:\/\/carenza-brown.com\/fr\/project\/women-in-tech\/","url":"https:\/\/carenza-brown.com\/fr\/project\/women-in-tech\/","name":"Women in tech - Carenza Brown - Communication digitale","isPartOf":{"@id":"https:\/\/carenza-brown.com\/fr\/#website"},"datePublished":"2023-03-23T09:44:53+00:00","dateModified":"2025-10-25T16:36:09+00:00","description":"J'ai dirig\u00e9 la strat\u00e9gie de communication digitale de Women in Tech \u00e0 travers la promotion d'\u00e9v\u00e9nements, la cr\u00e9ation de contenu et la gestion des r\u00e9seaux sociaux","breadcrumb":{"@id":"https:\/\/carenza-brown.com\/fr\/project\/women-in-tech\/#breadcrumb"},"inLanguage":"fr-FR","potentialAction":[{"@type":"ReadAction","target":["https:\/\/carenza-brown.com\/fr\/project\/women-in-tech\/"]}]},{"@type":"BreadcrumbList","@id":"https:\/\/carenza-brown.com\/fr\/project\/women-in-tech\/#breadcrumb","itemListElement":[{"@type":"ListItem","position":1,"name":"Home","item":"https:\/\/carenza-brown.com\/fr\/page-principale\/"},{"@type":"ListItem","position":2,"name":"Projets","item":"https:\/\/carenza-brown.com\/fr\/project\/"},{"@type":"ListItem","position":3,"name":"Women in tech"}]},{"@type":"WebSite","@id":"https:\/\/carenza-brown.com\/fr\/#website","url":"https:\/\/carenza-brown.com\/fr\/","name":"Carenza Brown - Communication digitale","description":"Gestion &amp; animation de r\u00e9seaux sociaux et site web","publisher":{"@id":"https:\/\/carenza-brown.com\/fr\/#organization"},"potentialAction":[{"@type":"SearchAction","target":{"@type":"EntryPoint","urlTemplate":"https:\/\/carenza-brown.com\/fr\/?s={search_term_string}"},"query-input":{"@type":"PropertyValueSpecification","valueRequired":true,"valueName":"search_term_string"}}],"inLanguage":"fr-FR"},{"@type":"Organization","@id":"https:\/\/carenza-brown.com\/fr\/#organization","name":"Carenza Brown - Communication digitale","url":"https:\/\/carenza-brown.com\/fr\/","logo":{"@type":"ImageObject","inLanguage":"fr-FR","@id":"https:\/\/carenza-brown.com\/fr\/#\/schema\/logo\/image\/","url":"https:\/\/carenza-brown.com\/wp-content\/uploads\/2024\/05\/carenza-brown-logo-3.png","contentUrl":"https:\/\/carenza-brown.com\/wp-content\/uploads\/2024\/05\/carenza-brown-logo-3.png","width":1366,"height":355,"caption":"Carenza Brown - Communication digitale"},"image":{"@id":"https:\/\/carenza-brown.com\/fr\/#\/schema\/logo\/image\/"}}]}},"_links":{"self":[{"href":"https:\/\/carenza-brown.com\/fr\/wp-json\/wp\/v2\/project\/985","targetHints":{"allow":["GET"]}}],"collection":[{"href":"https:\/\/carenza-brown.com\/fr\/wp-json\/wp\/v2\/project"}],"about":[{"href":"https:\/\/carenza-brown.com\/fr\/wp-json\/wp\/v2\/types\/project"}],"author":[{"embeddable":true,"href":"https:\/\/carenza-brown.com\/fr\/wp-json\/wp\/v2\/users\/1"}],"replies":[{"embeddable":true,"href":"https:\/\/carenza-brown.com\/fr\/wp-json\/wp\/v2\/comments?post=985"}],"version-history":[{"count":0,"href":"https:\/\/carenza-brown.com\/fr\/wp-json\/wp\/v2\/project\/985\/revisions"}],"wp:attachment":[{"href":"https:\/\/carenza-brown.com\/fr\/wp-json\/wp\/v2\/media?parent=985"}],"wp:term":[{"taxonomy":"project_category","embeddable":true,"href":"https:\/\/carenza-brown.com\/fr\/wp-json\/wp\/v2\/project_category?post=985"},{"taxonomy":"project_tag","embeddable":true,"href":"https:\/\/carenza-brown.com\/fr\/wp-json\/wp\/v2\/project_tag?post=985"}],"curies":[{"name":"wp","href":"https:\/\/api.w.org\/{rel}","templated":true}]}}