{"id":956,"date":"2023-03-23T14:32:17","date_gmt":"2023-03-23T13:32:17","guid":{"rendered":"https:\/\/carenza-brown.com\/project\/marbrerie-des-yvelines\/"},"modified":"2025-10-25T18:25:49","modified_gmt":"2025-10-25T16:25:49","slug":"marbrerie-des-yvelines","status":"publish","type":"project","link":"https:\/\/carenza-brown.com\/fr\/project\/marbrerie-des-yvelines\/","title":{"rendered":"Marbrerie des yvelines"},"content":{"rendered":"<p>[et_pb_section fb_built=\u00a0\u00bb1&Prime; _builder_version=\u00a0\u00bb4.20.2&Prime; _module_preset=\u00a0\u00bbdefault\u00a0\u00bb custom_padding=\u00a0\u00bb2px||7px|||\u00a0\u00bb global_colors_info=\u00a0\u00bb{}\u00a0\u00bb][et_pb_row _builder_version=\u00a0\u00bb4.20.2&Prime; _module_preset=\u00a0\u00bbdefault\u00a0\u00bb custom_padding=\u00a0\u00bb4px||7px|||\u00a0\u00bb global_colors_info=\u00a0\u00bb{}\u00a0\u00bb][et_pb_column type=\u00a0\u00bb4_4&Prime; _builder_version=\u00a0\u00bb4.20.2&Prime; _module_preset=\u00a0\u00bbdefault\u00a0\u00bb global_colors_info=\u00a0\u00bb{}\u00a0\u00bb][et_pb_text _builder_version=\u00a0\u00bb4.24.2&Prime; _module_preset=\u00a0\u00bb0a2d43b3-f9fc-448f-90f0-f4b8a4f1f81c\u00a0\u00bb global_colors_info=\u00a0\u00bb{}\u00a0\u00bb]<\/p>\n<h1><em>Marbrerie des yvelines<\/em><\/h1>\n<p>[\/et_pb_text][et_pb_image src=\u00a0\u00bbhttps:\/\/carenza-brown.com\/wp-content\/uploads\/2023\/03\/Portfolio-mdy.jpg\u00a0\u00bb title_text=\u00a0\u00bbPortfolio-mdy\u00a0\u00bb _builder_version=\u00a0\u00bb4.20.2&Prime; _module_preset=\u00a0\u00bbdefault\u00a0\u00bb global_colors_info=\u00a0\u00bb{}\u00a0\u00bb][\/et_pb_image][et_pb_accordion open_toggle_background_color=\u00a0\u00bb#FFFFFF\u00a0\u00bb closed_toggle_text_color=\u00a0\u00bb#FFFFFF\u00a0\u00bb closed_toggle_background_color=\u00a0\u00bb#000000&Prime; icon_color=\u00a0\u00bb#FFFFFF\u00a0\u00bb _builder_version=\u00a0\u00bb4.27.4&Prime; _module_preset=\u00a0\u00bbdefault\u00a0\u00bb background_color=\u00a0\u00bb#FFFFFF\u00a0\u00bb hover_enabled=\u00a0\u00bb0&Prime; border_radii=\u00a0\u00bbon|20px|20px|20px|20px\u00a0\u00bb global_colors_info=\u00a0\u00bb{}\u00a0\u00bb sticky_enabled=\u00a0\u00bb0&Prime;][et_pb_accordion_item title=\u00a0\u00bbPR\u00c9SENTATION\u00a0\u00bb open=\u00a0\u00bboff\u00a0\u00bb _builder_version=\u00a0\u00bb4.27.4&Prime; _module_preset=\u00a0\u00bbdefault\u00a0\u00bb hover_enabled=\u00a0\u00bb0&Prime; global_colors_info=\u00a0\u00bb{}\u00a0\u00bb sticky_enabled=\u00a0\u00bb0&Prime;]<\/p>\n<p><strong data-start=\"137\" data-end=\"172\">La Marbrerie des Yvelines (MDY)<\/strong> est une entreprise fran\u00e7aise sp\u00e9cialis\u00e9e dans la <strong data-start=\"213\" data-end=\"278\">production et la transformation de pierres naturelles et composites<\/strong> pour des projets architecturaux, d\u00e9coratifs et de construction.<br data-start=\"336\" data-end=\"339\">Fond\u00e9e en <strong data-start=\"350\" data-end=\"358\">1947<\/strong>, MDY s&rsquo;est forg\u00e9 une r\u00e9putation d&rsquo;<strong data-start=\"391\" data-end=\"422\">artisanat et de pr\u00e9cision<\/strong>, offrant une large s\u00e9lection de mat\u00e9riaux de haute qualit\u00e9 tels que le <strong data-start=\"484\" data-end=\"533\">marbre, le granit, le quartz, le calcaire et l&rsquo;ardoise<\/strong>, ainsi que des composites innovants.<br data-start=\"568\" data-end=\"571\">\u00c9quip\u00e9e de <strong data-start=\"585\" data-end=\"615\">machines de pointe<\/strong> et d&rsquo;une \u00e9quipe d&rsquo;<strong data-start=\"630\" data-end=\"650\">artisans qualifi\u00e9s<\/strong>, MDY con\u00e7oit et fabrique des <strong data-start=\"681\" data-end=\"703\">pi\u00e8ces sur mesure<\/strong> allant des plans de travail de cuisine aux int\u00e9rieurs de luxe et monuments.<br data-start=\"771\" data-end=\"774\">L&rsquo;entreprise travaille en \u00e9troite collaboration avec des <strong data-start=\"805\" data-end=\"870\">architectes, designers d&rsquo;int\u00e9rieur, constructeurs et clients priv\u00e9s<\/strong>, livrant des solutions sur mesure qui allient esth\u00e9tique, durabilit\u00e9 et excellence technique.<\/p>\n<p>&nbsp;<\/p>\n<p>[\/et_pb_accordion_item][et_pb_accordion_item title=\u00a0\u00bbOBJECTIFS\u00a0\u00bb _builder_version=\u00a0\u00bb4.20.2&Prime; _module_preset=\u00a0\u00bbdefault\u00a0\u00bb global_colors_info=\u00a0\u00bb{}\u00a0\u00bb open=\u00a0\u00bboff\u00a0\u00bb]<\/p>\n<ul>\n<li data-start=\"1171\" data-end=\"1283\">\n<p data-start=\"1173\" data-end=\"1283\"><strong data-start=\"1173\" data-end=\"1201\">Accro\u00eetre la notori\u00e9t\u00e9 de la marque<\/strong> et renforcer la r\u00e9putation d&rsquo;excellence de MDY en mati\u00e8re d&rsquo;artisanat et d&rsquo;innovation.<\/p>\n<\/li>\n<li data-start=\"1284\" data-end=\"1379\">\n<p data-start=\"1286\" data-end=\"1379\"><strong data-start=\"1286\" data-end=\"1314\">G\u00e9n\u00e9rer des prospects qualifi\u00e9s<\/strong> gr\u00e2ce \u00e0 une pr\u00e9sence num\u00e9rique am\u00e9lior\u00e9e et \u00e0 l&rsquo;optimisation du site web.<\/p>\n<\/li>\n<li data-start=\"1380\" data-end=\"1470\">\n<p data-start=\"1382\" data-end=\"1470\"><strong data-start=\"1382\" data-end=\"1411\">Moderniser l&rsquo;image de marque<\/strong> pour s&rsquo;aligner sur les tendances contemporaines du design et de l&rsquo;architecture.<\/p>\n<\/li>\n<\/ul>\n<p>[\/et_pb_accordion_item][et_pb_accordion_item title=\u00a0\u00bbACTIONS DE COMMUNICATION\u00a0\u00bb _builder_version=\u00a0\u00bb4.20.2&Prime; _module_preset=\u00a0\u00bbdefault\u00a0\u00bb global_colors_info=\u00a0\u00bb{}\u00a0\u00bb open=\u00a0\u00bbon\u00a0\u00bb]<\/p>\n<ul>\n<li data-start=\"1507\" data-end=\"1653\">\n<p data-start=\"1509\" data-end=\"1653\"><strong data-start=\"1509\" data-end=\"1536\">Strat\u00e9gie de communication :<\/strong> D\u00e9veloppement et mise en \u0153uvre d&rsquo;un plan de communication de marque complet combinant pr\u00e9sence num\u00e9rique et identit\u00e9 visuelle.<\/p>\n<\/li>\n<li data-start=\"1654\" data-end=\"1817\">\n<p data-start=\"1656\" data-end=\"1817\"><strong data-start=\"1656\" data-end=\"1684\">Gestion des r\u00e9seaux sociaux :<\/strong> Cr\u00e9ation et curation de contenu visuel sur Instagram et Facebook pour pr\u00e9senter les mat\u00e9riaux, projets et coulisses de l&rsquo;artisanat.<\/p>\n<\/li>\n<li data-start=\"1818\" data-end=\"1951\">\n<p data-start=\"1820\" data-end=\"1951\"><strong data-start=\"1820\" data-end=\"1838\">Design visuel :<\/strong> Production d&rsquo;une nouvelle <strong data-start=\"1854\" data-end=\"1892\">direction graphique et photographique<\/strong> refl\u00e9tant la qualit\u00e9 et la sophistication du travail de MDY.<\/p>\n<\/li>\n<li data-start=\"1952\" data-end=\"2103\">\n<p data-start=\"1954\" data-end=\"2103\"><strong data-start=\"1954\" data-end=\"1975\">Cr\u00e9ation de site web :<\/strong> Conception et d\u00e9veloppement d&rsquo;un <strong data-start=\"2001\" data-end=\"2027\">nouveau site web responsive<\/strong> mettant en valeur l&rsquo;expertise de l&rsquo;entreprise, les collections de mat\u00e9riaux et l&rsquo;atelier.<\/p>\n<\/li>\n<li data-start=\"2104\" data-end=\"2275\">\n<p data-start=\"2106\" data-end=\"2275\"><strong data-start=\"2106\" data-end=\"2130\">Modernisation de la marque :<\/strong> Mise \u00e0 jour de l&rsquo;<strong data-start=\"2145\" data-end=\"2186\">identit\u00e9 visuelle et de l&rsquo;\u00e9cosyst\u00e8me num\u00e9rique<\/strong> de MDY, renfor\u00e7ant la confiance et positionnant la marque sur le march\u00e9 du design d&rsquo;int\u00e9rieur de luxe.<\/p>\n<\/li>\n<li data-start=\"2276\" data-end=\"2393\">\n<p data-start=\"2278\" data-end=\"2393\"><strong data-start=\"2278\" data-end=\"2307\">Analyse et optimisation :<\/strong> Surveillance des performances num\u00e9riques pour am\u00e9liorer la visibilit\u00e9, l&rsquo;engagement et la g\u00e9n\u00e9ration de prospects.<\/p>\n<\/li>\n<\/ul>\n<p><span style=\"font-weight: 400;\"><\/span><\/p>\n<p>[\/et_pb_accordion_item][\/et_pb_accordion][\/et_pb_column][\/et_pb_row][et_pb_row column_structure=\u00a0\u00bb1_2,1_2&Prime; _builder_version=\u00a0\u00bb4.20.2&Prime; _module_preset=\u00a0\u00bbdefault\u00a0\u00bb global_colors_info=\u00a0\u00bb{}\u00a0\u00bb][et_pb_column type=\u00a0\u00bb1_2&Prime; _builder_version=\u00a0\u00bb4.20.2&Prime; _module_preset=\u00a0\u00bbdefault\u00a0\u00bb global_colors_info=\u00a0\u00bb{}\u00a0\u00bb][et_pb_social_media_follow _builder_version=\u00a0\u00bb4.20.2&Prime; _module_preset=\u00a0\u00bbdefault\u00a0\u00bb custom_margin=\u00a0\u00bb||33px|||\u00a0\u00bb global_colors_info=\u00a0\u00bb{}\u00a0\u00bb][et_pb_social_media_follow_network social_network=\u00a0\u00bbfacebook\u00a0\u00bb url=\u00a0\u00bbhttps:\/\/www.facebook.com\/mdyfrance\/\u00a0\u00bb _builder_version=\u00a0\u00bb4.20.2&Prime; _module_preset=\u00a0\u00bbdefault\u00a0\u00bb background_color=\u00a0\u00bb#3b5998&Prime; global_colors_info=\u00a0\u00bb{}\u00a0\u00bb follow_button=\u00a0\u00bboff\u00a0\u00bb url_new_window=\u00a0\u00bbon\u00a0\u00bb]facebook[\/et_pb_social_media_follow_network][et_pb_social_media_follow_network social_network=\u00a0\u00bbinstagram\u00a0\u00bb url=\u00a0\u00bbhttps:\/\/www.instagram.com\/mdyfrance1968\/\u00a0\u00bb _builder_version=\u00a0\u00bb4.20.2&Prime; _module_preset=\u00a0\u00bbdefault\u00a0\u00bb background_color=\u00a0\u00bb#ea2c59&Prime; global_colors_info=\u00a0\u00bb{}\u00a0\u00bb follow_button=\u00a0\u00bboff\u00a0\u00bb url_new_window=\u00a0\u00bbon\u00a0\u00bb]instagram[\/et_pb_social_media_follow_network][et_pb_social_media_follow_network social_network=\u00a0\u00bbpinterest\u00a0\u00bb url=\u00a0\u00bbhttps:\/\/www.pinterest.fr\/mdyfrance\/\u00a0\u00bb _builder_version=\u00a0\u00bb4.20.2&Prime; _module_preset=\u00a0\u00bbdefault\u00a0\u00bb background_color=\u00a0\u00bb#cb2027&Prime; global_colors_info=\u00a0\u00bb{}\u00a0\u00bb follow_button=\u00a0\u00bboff\u00a0\u00bb url_new_window=\u00a0\u00bbon\u00a0\u00bb]pinterest[\/et_pb_social_media_follow_network][et_pb_social_media_follow_network social_network=\u00a0\u00bblinkedin\u00a0\u00bb url=\u00a0\u00bbhttps:\/\/www.linkedin.com\/company\/mdyfrance\/\u00a0\u00bb _builder_version=\u00a0\u00bb4.20.2&Prime; _module_preset=\u00a0\u00bbdefault\u00a0\u00bb background_color=\u00a0\u00bb#007bb6&Prime; global_colors_info=\u00a0\u00bb{}\u00a0\u00bb follow_button=\u00a0\u00bboff\u00a0\u00bb url_new_window=\u00a0\u00bbon\u00a0\u00bb]linkedin[\/et_pb_social_media_follow_network][et_pb_social_media_follow_network social_network=\u00a0\u00bbhouzz\u00a0\u00bb url=\u00a0\u00bbhttps:\/\/www.houzz.fr\/professionnels\/pierres-et-plans-de-travail\/marbrerie-des-yvelines-pfvwfr-pf~504592700&Prime; _builder_version=\u00a0\u00bb4.20.2&Prime; _module_preset=\u00a0\u00bbdefault\u00a0\u00bb background_color=\u00a0\u00bb#7ac142&Prime; global_colors_info=\u00a0\u00bb{}\u00a0\u00bb follow_button=\u00a0\u00bboff\u00a0\u00bb url_new_window=\u00a0\u00bbon\u00a0\u00bb]houzz[\/et_pb_social_media_follow_network][\/et_pb_social_media_follow][\/et_pb_column][et_pb_column type=\u00a0\u00bb1_2&Prime; _builder_version=\u00a0\u00bb4.20.2&Prime; _module_preset=\u00a0\u00bbdefault\u00a0\u00bb global_colors_info=\u00a0\u00bb{}\u00a0\u00bb][et_pb_button button_url=\u00a0\u00bbhttps:\/\/www.mdy-france.com\/\u00a0\u00bb url_new_window=\u00a0\u00bbon\u00a0\u00bb button_text=\u00a0\u00bbSite web Marbrerie des Yvelines\u00a0\u00bb button_alignment=\u00a0\u00bbright\u00a0\u00bb _builder_version=\u00a0\u00bb4.25.1&Prime; _module_preset=\u00a0\u00bbdefault\u00a0\u00bb custom_button=\u00a0\u00bbon\u00a0\u00bb button_text_size=\u00a0\u00bb16px\u00a0\u00bb button_text_color=\u00a0\u00bb#000000&Prime; global_colors_info=\u00a0\u00bb{}\u00a0\u00bb][\/et_pb_button][\/et_pb_column][\/et_pb_row][et_pb_row column_structure=\u00a0\u00bb1_2,1_2&Prime; _builder_version=\u00a0\u00bb4.25.1&Prime; _module_preset=\u00a0\u00bbdefault\u00a0\u00bb global_colors_info=\u00a0\u00bb{}\u00a0\u00bb][et_pb_column type=\u00a0\u00bb1_2&Prime; _builder_version=\u00a0\u00bb4.25.1&Prime; _module_preset=\u00a0\u00bbdefault\u00a0\u00bb global_colors_info=\u00a0\u00bb{}\u00a0\u00bb][et_pb_text _builder_version=\u00a0\u00bb4.25.1&Prime; _module_preset=\u00a0\u00bbdefault\u00a0\u00bb global_colors_info=\u00a0\u00bb{}\u00a0\u00bb]<\/p>\n<h1>Site web Instagram<\/h1>\n<div class=\"font-claude-message pr-4 md:pr-9 relative overflow-x-auto leading-[1.65rem] [&amp;_pre&gt;div]:bg-bg-300 [&amp;_pre]:-mr-4 md:[&amp;_pre]:-mr-9\">\n<div>\n<div class=\"grid grid-col-1 gap-2.5 [&amp;_&gt;_*]:min-w-0\">\n<p class=\"whitespace-pre-wrap break-words\">Mise en place d&rsquo;une grille 3&#215;3 visuellement frappante sur Instagram, pr\u00e9sentant des images soigneusement s\u00e9lectionn\u00e9es mettant en valeur les projets finis luxueux du client sous plusieurs angles. Mise en avant de l&rsquo;utilisation de mat\u00e9riaux premium comme le granit et le marbre pour transmettre sophistication et qualit\u00e9 artisanale. Strat\u00e9gie de narration visuelle efficace align\u00e9e sur la plateforme engageante et ax\u00e9e sur l&rsquo;image d&rsquo;Instagram.  <\/p>\n<\/div>\n<\/div>\n<\/div>\n<div class=\"absolute -right-1.5 sm:right-2 bottom-0\">\n<div class=\"flex items-center bg-bg-000 border-0.5 border-border-300 shadow-sm pt-3 pb-1 px-2 rounded-lg translate-y-1\/2 transition\">\n<div class=\"flex gap-0.5 -mx-1 -mt-2 text-text-400 justify-between items-stretch\">\n<div class=\"flex gap-0.5\"><\/div>\n<\/div>\n<\/div>\n<\/div>\n<p>[\/et_pb_text][et_pb_image src=\u00a0\u00bbhttps:\/\/carenza-brown.com\/wp-content\/uploads\/2024\/05\/Mdy-instagram-projects.jpg\u00a0\u00bb title_text=\u00a0\u00bbMdy-instagram-projets\u00a0\u00bb _builder_version=\u00a0\u00bb4.25.1&Prime; _module_preset=\u00a0\u00bbdefault\u00a0\u00bb global_colors_info=\u00a0\u00bb{}\u00a0\u00bb][\/et_pb_image][\/et_pb_column][et_pb_column type=\u00a0\u00bb1_2&Prime; _builder_version=\u00a0\u00bb4.25.1&Prime; _module_preset=\u00a0\u00bbdefault\u00a0\u00bb global_colors_info=\u00a0\u00bb{}\u00a0\u00bb][et_pb_text _builder_version=\u00a0\u00bb4.25.1&Prime; _module_preset=\u00a0\u00bbdefault\u00a0\u00bb global_colors_info=\u00a0\u00bb{}\u00a0\u00bb]<\/p>\n<h1>Nouveau site web<\/h1>\n<p class=\"whitespace-pre-wrap break-words\">Voici une description succincte pour votre portfolio mettant en avant la strat\u00e9gie utilis\u00e9e dans la gestion de l&rsquo;\u00e9quipe de d\u00e9veloppeurs pour le projet de site web MDY :<\/p>\n<p class=\"whitespace-pre-wrap break-words\">Direction d&rsquo;une \u00e9quipe de d\u00e9veloppeurs pluridisciplinaire dans la conceptualisation et la construction du nouveau site web de MDY. Mise en \u0153uvre de m\u00e9thodologies agiles et de flux de travail collaboratifs pour assurer une coordination fluide entre les d\u00e9veloppeurs. Conduite de sessions de r\u00e9vision r\u00e9guli\u00e8res pour maintenir l&rsquo;alignement avec la vision du design et les directives de marque. Priorisation de l&rsquo;optimisation des performances, de la r\u00e9activit\u00e9 et de l&rsquo;UX intuitive sur tous les appareils. Utilisation du contr\u00f4le de version et de l&rsquo;int\u00e9gration continue pour des cycles de d\u00e9veloppement efficaces.    <\/p>\n<p>[\/et_pb_text][et_pb_gallery gallery_ids=\u00a0\u00bb954,955&Prime; fullwidth=\u00a0\u00bbon\u00a0\u00bb _builder_version=\u00a0\u00bb4.25.1&Prime; _module_preset=\u00a0\u00bbdefault\u00a0\u00bb border_radii=\u00a0\u00bbon|10px|10px|10px|10px\u00a0\u00bb global_colors_info=\u00a0\u00bb{}\u00a0\u00bb][\/et_pb_gallery][\/et_pb_column][\/et_pb_row][\/et_pb_section][et_pb_section fb_built=\u00a0\u00bb1&Prime; admin_label=\u00a0\u00bbFooter\u00a0\u00bb _builder_version=\u00a0\u00bb4.20.0&Prime; _module_preset=\u00a0\u00bbdefault\u00a0\u00bb background_color=\u00a0\u00bb#000000&Prime; custom_margin=\u00a0\u00bb-3px|||||\u00a0\u00bb global_module=\u00a0\u00bb442&Prime; saved_tabs=\u00a0\u00bball\u00a0\u00bb collapsed=\u00a0\u00bbon\u00a0\u00bb global_colors_info=\u00a0\u00bb{}\u00a0\u00bb][et_pb_row _builder_version=\u00a0\u00bb4.20.0&Prime; _module_preset=\u00a0\u00bbdefault\u00a0\u00bb global_colors_info=\u00a0\u00bb{}\u00a0\u00bb][et_pb_column type=\u00a0\u00bb4_4&Prime; _builder_version=\u00a0\u00bb4.20.0&Prime; _module_preset=\u00a0\u00bbdefault\u00a0\u00bb global_colors_info=\u00a0\u00bb{}\u00a0\u00bb][et_pb_text _builder_version=\u00a0\u00bb4.25.0&Prime; _module_preset=\u00a0\u00bb6686f85f-db37-450c-81ae-211b333f9777&Prime; header_2_text_color=\u00a0\u00bb#FFFFFF\u00a0\u00bb text_orientation=\u00a0\u00bbcenter\u00a0\u00bb custom_css_free_form=\u00a0\u00bb.mce-content-body h2 span strong em span {||  text-shadow: 0px 0px 0px Linen, 0px 0px 20px Linen, 0px 0px 35px Linen, 0px 0px 30px Linen;||    font-size: 25px;||}\u00a0\u00bb inline_fonts=\u00a0\u00bbMontserrat\u00a0\u00bb global_colors_info=\u00a0\u00bb{}\u00a0\u00bb]<\/p>\n<h2><span style=\"font-size: small; color: #ffffff;\"><strong><em><span style=\"font-family: Montserrat;\">Cr\u00e9ons ensemble quelque chose d&rsquo;extraordinaire<\/span><\/em><\/strong><\/span><\/h2>\n<p>[\/et_pb_text][et_pb_contact_form use_spam_service=\u00a0\u00bbon\u00a0\u00bb recaptcha_list=\u00a0\u00bbCarenza Brown-0&Prime; email=\u00a0\u00bbcontact@carenza-brown.com\u00a0\u00bb success_message=\u00a0\u00bbMerci pour votre message \u00a0\u00bb submit_button_text=\u00a0\u00bbEnvoyer\u00a0\u00bb _builder_version=\u00a0\u00bb4.27.4&Prime; _module_preset=\u00a0\u00bbf818b33c-39a5-4ce4-a4da-592ec9a1a3f7&Prime; form_field_focus_background_color=\u00a0\u00bb#FFFFFF\u00a0\u00bb form_field_focus_text_color=\u00a0\u00bb#8300E9&Prime; form_field_custom_margin=\u00a0\u00bb||||false|false\u00a0\u00bb form_field_custom_padding=\u00a0\u00bb|10px||10px|false|true\u00a0\u00bb button_text_size=\u00a0\u00bb15px\u00a0\u00bb button_custom_padding=\u00a0\u00bb5px|15px|5px|15px|true|true\u00a0\u00bb max_width=\u00a0\u00bb700px\u00a0\u00bb module_alignment=\u00a0\u00bbcenter\u00a0\u00bb custom_margin=\u00a0\u00bb||||false|true\u00a0\u00bb custom_padding=\u00a0\u00bb0px||||false|false\u00a0\u00bb border_radii=\u00a0\u00bbon|3px|3px|3px|3px\u00a0\u00bb border_width_all=\u00a0\u00bb1px\u00a0\u00bb locked=\u00a0\u00bboff\u00a0\u00bb global_colors_info=\u00a0\u00bb{}\u00a0\u00bb][et_pb_contact_field field_id=\u00a0\u00bbName\u00a0\u00bb field_title=\u00a0\u00bbNom\u00a0\u00bb fullwidth_field=\u00a0\u00bbon\u00a0\u00bb _builder_version=\u00a0\u00bb4.16&Prime; _module_preset=\u00a0\u00bbdefault\u00a0\u00bb global_colors_info=\u00a0\u00bb{}\u00a0\u00bb button_text_size__hover_enabled=\u00a0\u00bboff\u00a0\u00bb button_one_text_size__hover_enabled=\u00a0\u00bboff\u00a0\u00bb button_two_text_size__hover_enabled=\u00a0\u00bboff\u00a0\u00bb button_text_color__hover_enabled=\u00a0\u00bboff\u00a0\u00bb button_one_text_color__hover_enabled=\u00a0\u00bboff\u00a0\u00bb button_two_text_color__hover_enabled=\u00a0\u00bboff\u00a0\u00bb button_border_width__hover_enabled=\u00a0\u00bboff\u00a0\u00bb button_one_border_width__hover_enabled=\u00a0\u00bboff\u00a0\u00bb button_two_border_width__hover_enabled=\u00a0\u00bboff\u00a0\u00bb button_border_color__hover_enabled=\u00a0\u00bboff\u00a0\u00bb button_one_border_color__hover_enabled=\u00a0\u00bboff\u00a0\u00bb button_two_border_color__hover_enabled=\u00a0\u00bboff\u00a0\u00bb button_border_radius__hover_enabled=\u00a0\u00bboff\u00a0\u00bb button_one_border_radius__hover_enabled=\u00a0\u00bboff\u00a0\u00bb button_two_border_radius__hover_enabled=\u00a0\u00bboff\u00a0\u00bb button_letter_spacing__hover_enabled=\u00a0\u00bboff\u00a0\u00bb button_one_letter_spacing__hover_enabled=\u00a0\u00bboff\u00a0\u00bb button_two_letter_spacing__hover_enabled=\u00a0\u00bboff\u00a0\u00bb button_bg_color__hover_enabled=\u00a0\u00bboff\u00a0\u00bb button_one_bg_color__hover_enabled=\u00a0\u00bboff\u00a0\u00bb button_two_bg_color__hover_enabled=\u00a0\u00bboff\u00a0\u00bb][\/et_pb_contact_field][et_pb_contact_field field_id=\u00a0\u00bbEmail\u00a0\u00bb field_title=\u00a0\u00bbAdresse e-mail\u00a0\u00bb field_type=\u00a0\u00bbemail\u00a0\u00bb fullwidth_field=\u00a0\u00bbon\u00a0\u00bb _builder_version=\u00a0\u00bb4.16&Prime; _module_preset=\u00a0\u00bbdefault\u00a0\u00bb global_colors_info=\u00a0\u00bb{}\u00a0\u00bb button_text_size__hover_enabled=\u00a0\u00bboff\u00a0\u00bb button_one_text_size__hover_enabled=\u00a0\u00bboff\u00a0\u00bb button_two_text_size__hover_enabled=\u00a0\u00bboff\u00a0\u00bb button_text_color__hover_enabled=\u00a0\u00bboff\u00a0\u00bb button_one_text_color__hover_enabled=\u00a0\u00bboff\u00a0\u00bb button_two_text_color__hover_enabled=\u00a0\u00bboff\u00a0\u00bb button_border_width__hover_enabled=\u00a0\u00bboff\u00a0\u00bb button_one_border_width__hover_enabled=\u00a0\u00bboff\u00a0\u00bb button_two_border_width__hover_enabled=\u00a0\u00bboff\u00a0\u00bb button_border_color__hover_enabled=\u00a0\u00bboff\u00a0\u00bb button_one_border_color__hover_enabled=\u00a0\u00bboff\u00a0\u00bb button_two_border_color__hover_enabled=\u00a0\u00bboff\u00a0\u00bb button_border_radius__hover_enabled=\u00a0\u00bboff\u00a0\u00bb button_one_border_radius__hover_enabled=\u00a0\u00bboff\u00a0\u00bb button_two_border_radius__hover_enabled=\u00a0\u00bboff\u00a0\u00bb button_letter_spacing__hover_enabled=\u00a0\u00bboff\u00a0\u00bb button_one_letter_spacing__hover_enabled=\u00a0\u00bboff\u00a0\u00bb button_two_letter_spacing__hover_enabled=\u00a0\u00bboff\u00a0\u00bb button_bg_color__hover_enabled=\u00a0\u00bboff\u00a0\u00bb button_one_bg_color__hover_enabled=\u00a0\u00bboff\u00a0\u00bb button_two_bg_color__hover_enabled=\u00a0\u00bboff\u00a0\u00bb][\/et_pb_contact_field][et_pb_contact_field field_id=\u00a0\u00bbMessage\u00a0\u00bb field_title=\u00a0\u00bbMessage\u00a0\u00bb field_type=\u00a0\u00bbtext\u00a0\u00bb fullwidth_field=\u00a0\u00bbon\u00a0\u00bb _builder_version=\u00a0\u00bb4.16&Prime; _module_preset=\u00a0\u00bbdefault\u00a0\u00bb global_colors_info=\u00a0\u00bb{}\u00a0\u00bb button_text_size__hover_enabled=\u00a0\u00bboff\u00a0\u00bb button_one_text_size__hover_enabled=\u00a0\u00bboff\u00a0\u00bb button_two_text_size__hover_enabled=\u00a0\u00bboff\u00a0\u00bb button_text_color__hover_enabled=\u00a0\u00bboff\u00a0\u00bb button_one_text_color__hover_enabled=\u00a0\u00bboff\u00a0\u00bb button_two_text_color__hover_enabled=\u00a0\u00bboff\u00a0\u00bb button_border_width__hover_enabled=\u00a0\u00bboff\u00a0\u00bb button_one_border_width__hover_enabled=\u00a0\u00bboff\u00a0\u00bb button_two_border_width__hover_enabled=\u00a0\u00bboff\u00a0\u00bb button_border_color__hover_enabled=\u00a0\u00bboff\u00a0\u00bb button_one_border_color__hover_enabled=\u00a0\u00bboff\u00a0\u00bb button_two_border_color__hover_enabled=\u00a0\u00bboff\u00a0\u00bb button_border_radius__hover_enabled=\u00a0\u00bboff\u00a0\u00bb button_one_border_radius__hover_enabled=\u00a0\u00bboff\u00a0\u00bb button_two_border_radius__hover_enabled=\u00a0\u00bboff\u00a0\u00bb button_letter_spacing__hover_enabled=\u00a0\u00bboff\u00a0\u00bb button_one_letter_spacing__hover_enabled=\u00a0\u00bboff\u00a0\u00bb button_two_letter_spacing__hover_enabled=\u00a0\u00bboff\u00a0\u00bb button_bg_color__hover_enabled=\u00a0\u00bboff\u00a0\u00bb button_one_bg_color__hover_enabled=\u00a0\u00bboff\u00a0\u00bb button_two_bg_color__hover_enabled=\u00a0\u00bboff\u00a0\u00bb][\/et_pb_contact_field][\/et_pb_contact_form][et_pb_social_media_follow _builder_version=\u00a0\u00bb4.27.4&Prime; _module_preset=\u00a0\u00bbdefault\u00a0\u00bb text_orientation=\u00a0\u00bbcenter\u00a0\u00bb text_orientation_tablet=\u00a0\u00bbleft\u00a0\u00bb text_orientation_last_edited=\u00a0\u00bboff|desktop\u00a0\u00bb border_radii=\u00a0\u00bbon|100px|100px|100px|100px\u00a0\u00bb border_width_all=\u00a0\u00bb1px\u00a0\u00bb border_color_all=\u00a0\u00bb#FFFFFF\u00a0\u00bb locked=\u00a0\u00bboff\u00a0\u00bb global_colors_info=\u00a0\u00bb{}\u00a0\u00bb][et_pb_social_media_follow_network social_network=\u00a0\u00bblinkedin\u00a0\u00bb url=\u00a0\u00bbhttps:\/\/www.linkedin.com\/in\/carenza-brown\/\u00a0\u00bb _builder_version=\u00a0\u00bb4.24.3&Prime; _module_preset=\u00a0\u00bbdefault\u00a0\u00bb background_enable_color=\u00a0\u00bboff\u00a0\u00bb custom_padding=\u00a0\u00bb4px|4px|4px|4px|true|true\u00a0\u00bb global_colors_info=\u00a0\u00bb{}\u00a0\u00bb follow_button=\u00a0\u00bboff\u00a0\u00bb url_new_window=\u00a0\u00bbon\u00a0\u00bb]linkedin[\/et_pb_social_media_follow_network][et_pb_social_media_follow_network social_network=\u00a0\u00bbinstagram\u00a0\u00bb url=\u00a0\u00bbhttps:\/\/www.instagram.com\/carenzabr\/\u00a0\u00bb _builder_version=\u00a0\u00bb4.24.3&Prime; _module_preset=\u00a0\u00bbdefault\u00a0\u00bb custom_padding=\u00a0\u00bb4px|4px|4px|4px|true|true\u00a0\u00bb global_colors_info=\u00a0\u00bb{}\u00a0\u00bb follow_button=\u00a0\u00bboff\u00a0\u00bb url_new_window=\u00a0\u00bbon\u00a0\u00bb]instagram[\/et_pb_social_media_follow_network][\/et_pb_social_media_follow][\/et_pb_column][\/et_pb_row][et_pb_row column_structure=\u00a0\u00bb1_3,1_3,1_3&Prime; _builder_version=\u00a0\u00bb4.20.0&Prime; _module_preset=\u00a0\u00bbdefault\u00a0\u00bb border_color_all=\u00a0\u00bbgcid-e6f8585f-043d-4f05-ad96-fb05b9e45208&Prime; border_width_top=\u00a0\u00bb1px\u00a0\u00bb global_colors_info=\u00a0\u00bb{%22gcid-e6f8585f-043d-4f05-ad96-fb05b9e45208%22:%91%22border_color_all%22%93}\u00a0\u00bb][et_pb_column type=\u00a0\u00bb1_3&Prime; _builder_version=\u00a0\u00bb4.20.0&Prime; _module_preset=\u00a0\u00bbdefault\u00a0\u00bb global_colors_info=\u00a0\u00bb{}\u00a0\u00bb][et_pb_text _builder_version=\u00a0\u00bb4.20.0&Prime; _module_preset=\u00a0\u00bb275d1037-73b4-4ebf-aff8-36f7e044499a\u00a0\u00bb header_5_text_color=\u00a0\u00bb#FFFFFF\u00a0\u00bb custom_margin=\u00a0\u00bb||0px||false|false\u00a0\u00bb text_orientation_tablet=\u00a0\u00bbcenter\u00a0\u00bb text_orientation_phone=\u00a0\u00bb\u00a0\u00bb text_orientation_last_edited=\u00a0\u00bbon|tablet\u00a0\u00bb global_colors_info=\u00a0\u00bb{}\u00a0\u00bb]<\/p>\n<h5>Localisation<\/h5>\n<p>[\/et_pb_text][et_pb_text _builder_version=\u00a0\u00bb4.24.3&Prime; _module_preset=\u00a0\u00bb0c72fe37-ef52-4d2a-80c8-20af22436dfc\u00a0\u00bb link_text_color=\u00a0\u00bbgcid-e6f8585f-043d-4f05-ad96-fb05b9e45208&Prime; text_orientation_tablet=\u00a0\u00bbcenter\u00a0\u00bb text_orientation_phone=\u00a0\u00bb\u00a0\u00bb text_orientation_last_edited=\u00a0\u00bbon|tablet\u00a0\u00bb global_colors_info=\u00a0\u00bb{%22gcid-e6f8585f-043d-4f05-ad96-fb05b9e45208%22:%91%22link_text_color%22%93}\u00a0\u00bb]<\/p>\n<p>Montpellier, France<\/p>\n<p>[\/et_pb_text][\/et_pb_column][et_pb_column type=\u00a0\u00bb1_3&Prime; _builder_version=\u00a0\u00bb4.20.0&Prime; _module_preset=\u00a0\u00bbdefault\u00a0\u00bb global_colors_info=\u00a0\u00bb{}\u00a0\u00bb][\/et_pb_column][et_pb_column type=\u00a0\u00bb1_3&Prime; _builder_version=\u00a0\u00bb4.20.0&Prime; _module_preset=\u00a0\u00bbdefault\u00a0\u00bb global_colors_info=\u00a0\u00bb{}\u00a0\u00bb][et_pb_text _builder_version=\u00a0\u00bb4.25.2&Prime; _module_preset=\u00a0\u00bb275d1037-73b4-4ebf-aff8-36f7e044499a\u00a0\u00bb header_5_text_color=\u00a0\u00bb#FFFFFF\u00a0\u00bb custom_margin=\u00a0\u00bb||0px||false|false\u00a0\u00bb text_orientation_tablet=\u00a0\u00bbcenter\u00a0\u00bb text_orientation_phone=\u00a0\u00bb\u00a0\u00bb text_orientation_last_edited=\u00a0\u00bbon|tablet\u00a0\u00bb global_colors_info=\u00a0\u00bb{}\u00a0\u00bb]<\/p>\n<h5><a href=\"https:\/\/carenza-brown.com\/fr\/blog\/\">BLOG<\/a><\/h5>\n<p>[\/et_pb_text][\/et_pb_column][\/et_pb_row][\/et_pb_section]<\/p>\n","protected":false},"excerpt":{"rendered":"<p>Marbrerie des yvelinesLa Marbrerie des Yvelines (MDY) est une entreprise fran\u00e7aise sp\u00e9cialis\u00e9e dans la production et la transformation de pierres naturelles et composites pour des projets architecturaux, d\u00e9coratifs et de construction.Fond\u00e9e en 1947, MDY s&rsquo;est forg\u00e9 une r\u00e9putation d&rsquo;artisanat et de pr\u00e9cision, offrant une large s\u00e9lection de mat\u00e9riaux de haute qualit\u00e9 tels que le marbre, [&hellip;]<\/p>\n","protected":false},"author":1,"featured_media":0,"comment_status":"open","ping_status":"closed","template":"","meta":{"_et_pb_use_builder":"on","_et_pb_old_content":"","_et_gb_content_width":"","footnotes":""},"project_category":[46,44,45],"project_tag":[],"class_list":["post-956","project","type-project","status-publish","hentry","project_category-redaction-web","project_category-reseaux-sociaux","project_category-site-web"],"yoast_head":"<!-- This site is optimized with the Yoast SEO plugin v27.5 - https:\/\/yoast.com\/product\/yoast-seo-wordpress\/ -->\n<title>Marbrerie des yvelines - Carenza Brown - Communication digitale<\/title>\n<meta name=\"description\" content=\"Nous avons modernis\u00e9 l&#039;image de marque MDY gr\u00e2ce \u00e0 une strat\u00e9gie de communication compl\u00e8te, en repensant le site web, l&#039;identit\u00e9 visuelle et la pr\u00e9sence sur les r\u00e9seaux sociaux.\" \/>\n<meta name=\"robots\" content=\"index, follow, max-snippet:-1, max-image-preview:large, max-video-preview:-1\" \/>\n<link rel=\"canonical\" href=\"https:\/\/carenza-brown.com\/fr\/project\/marbrerie-des-yvelines\/\" \/>\n<meta property=\"og:locale\" content=\"fr_FR\" \/>\n<meta property=\"og:type\" content=\"article\" \/>\n<meta property=\"og:title\" content=\"Marbrerie des yvelines - Carenza Brown - Communication digitale\" \/>\n<meta property=\"og:description\" content=\"Nous avons modernis\u00e9 l&#039;image de marque MDY gr\u00e2ce \u00e0 une strat\u00e9gie de communication compl\u00e8te, en repensant le site web, l&#039;identit\u00e9 visuelle et la pr\u00e9sence sur les r\u00e9seaux sociaux.\" \/>\n<meta property=\"og:url\" content=\"https:\/\/carenza-brown.com\/fr\/project\/marbrerie-des-yvelines\/\" \/>\n<meta property=\"og:site_name\" content=\"Carenza Brown - Communication digitale\" \/>\n<meta property=\"article:modified_time\" content=\"2025-10-25T16:25:49+00:00\" \/>\n<meta property=\"og:image\" content=\"https:\/\/carenza-brown.com\/wp-content\/uploads\/2023\/03\/Portfolio-mdy.jpg\" \/>\n\t<meta property=\"og:image:width\" content=\"1366\" \/>\n\t<meta property=\"og:image:height\" content=\"768\" \/>\n\t<meta property=\"og:image:type\" content=\"image\/jpeg\" \/>\n<meta name=\"twitter:card\" content=\"summary_large_image\" \/>\n<meta name=\"twitter:label1\" content=\"Dur\u00e9e de lecture estim\u00e9e\" \/>\n\t<meta name=\"twitter:data1\" content=\"12 minutes\" \/>\n<script type=\"application\/ld+json\" class=\"yoast-schema-graph\">{\"@context\":\"https:\\\/\\\/schema.org\",\"@graph\":[{\"@type\":\"WebPage\",\"@id\":\"https:\\\/\\\/carenza-brown.com\\\/fr\\\/project\\\/marbrerie-des-yvelines\\\/\",\"url\":\"https:\\\/\\\/carenza-brown.com\\\/fr\\\/project\\\/marbrerie-des-yvelines\\\/\",\"name\":\"Marbrerie des yvelines - Carenza Brown - Communication digitale\",\"isPartOf\":{\"@id\":\"https:\\\/\\\/carenza-brown.com\\\/fr\\\/#website\"},\"datePublished\":\"2023-03-23T13:32:17+00:00\",\"dateModified\":\"2025-10-25T16:25:49+00:00\",\"description\":\"Nous avons modernis\u00e9 l'image de marque MDY gr\u00e2ce \u00e0 une strat\u00e9gie de communication compl\u00e8te, en repensant le site web, l'identit\u00e9 visuelle et la pr\u00e9sence sur les r\u00e9seaux sociaux.\",\"breadcrumb\":{\"@id\":\"https:\\\/\\\/carenza-brown.com\\\/fr\\\/project\\\/marbrerie-des-yvelines\\\/#breadcrumb\"},\"inLanguage\":\"fr-FR\",\"potentialAction\":[{\"@type\":\"ReadAction\",\"target\":[\"https:\\\/\\\/carenza-brown.com\\\/fr\\\/project\\\/marbrerie-des-yvelines\\\/\"]}]},{\"@type\":\"BreadcrumbList\",\"@id\":\"https:\\\/\\\/carenza-brown.com\\\/fr\\\/project\\\/marbrerie-des-yvelines\\\/#breadcrumb\",\"itemListElement\":[{\"@type\":\"ListItem\",\"position\":1,\"name\":\"Home\",\"item\":\"https:\\\/\\\/carenza-brown.com\\\/fr\\\/page-principale\\\/\"},{\"@type\":\"ListItem\",\"position\":2,\"name\":\"Projets\",\"item\":\"https:\\\/\\\/carenza-brown.com\\\/fr\\\/project\\\/\"},{\"@type\":\"ListItem\",\"position\":3,\"name\":\"Marbrerie des yvelines\"}]},{\"@type\":\"WebSite\",\"@id\":\"https:\\\/\\\/carenza-brown.com\\\/fr\\\/#website\",\"url\":\"https:\\\/\\\/carenza-brown.com\\\/fr\\\/\",\"name\":\"Carenza Brown - Communication digitale\",\"description\":\"Gestion &amp; animation de r\u00e9seaux sociaux et site web\",\"publisher\":{\"@id\":\"https:\\\/\\\/carenza-brown.com\\\/fr\\\/#organization\"},\"potentialAction\":[{\"@type\":\"SearchAction\",\"target\":{\"@type\":\"EntryPoint\",\"urlTemplate\":\"https:\\\/\\\/carenza-brown.com\\\/fr\\\/?s={search_term_string}\"},\"query-input\":{\"@type\":\"PropertyValueSpecification\",\"valueRequired\":true,\"valueName\":\"search_term_string\"}}],\"inLanguage\":\"fr-FR\"},{\"@type\":\"Organization\",\"@id\":\"https:\\\/\\\/carenza-brown.com\\\/fr\\\/#organization\",\"name\":\"Carenza Brown - Communication digitale\",\"url\":\"https:\\\/\\\/carenza-brown.com\\\/fr\\\/\",\"logo\":{\"@type\":\"ImageObject\",\"inLanguage\":\"fr-FR\",\"@id\":\"https:\\\/\\\/carenza-brown.com\\\/fr\\\/#\\\/schema\\\/logo\\\/image\\\/\",\"url\":\"https:\\\/\\\/carenza-brown.com\\\/wp-content\\\/uploads\\\/2024\\\/05\\\/carenza-brown-logo-3.png\",\"contentUrl\":\"https:\\\/\\\/carenza-brown.com\\\/wp-content\\\/uploads\\\/2024\\\/05\\\/carenza-brown-logo-3.png\",\"width\":1366,\"height\":355,\"caption\":\"Carenza Brown - Communication digitale\"},\"image\":{\"@id\":\"https:\\\/\\\/carenza-brown.com\\\/fr\\\/#\\\/schema\\\/logo\\\/image\\\/\"}}]}<\/script>\n<!-- \/ Yoast SEO plugin. -->","yoast_head_json":{"title":"Marbrerie des yvelines - Carenza Brown - Communication digitale","description":"Nous avons modernis\u00e9 l'image de marque MDY gr\u00e2ce \u00e0 une strat\u00e9gie de communication compl\u00e8te, en repensant le site web, l'identit\u00e9 visuelle et la pr\u00e9sence sur les r\u00e9seaux sociaux.","robots":{"index":"index","follow":"follow","max-snippet":"max-snippet:-1","max-image-preview":"max-image-preview:large","max-video-preview":"max-video-preview:-1"},"canonical":"https:\/\/carenza-brown.com\/fr\/project\/marbrerie-des-yvelines\/","og_locale":"fr_FR","og_type":"article","og_title":"Marbrerie des yvelines - Carenza Brown - Communication digitale","og_description":"Nous avons modernis\u00e9 l'image de marque MDY gr\u00e2ce \u00e0 une strat\u00e9gie de communication compl\u00e8te, en repensant le site web, l'identit\u00e9 visuelle et la pr\u00e9sence sur les r\u00e9seaux sociaux.","og_url":"https:\/\/carenza-brown.com\/fr\/project\/marbrerie-des-yvelines\/","og_site_name":"Carenza Brown - Communication digitale","article_modified_time":"2025-10-25T16:25:49+00:00","og_image":[{"width":1366,"height":768,"url":"https:\/\/carenza-brown.com\/wp-content\/uploads\/2023\/03\/Portfolio-mdy.jpg","type":"image\/jpeg"}],"twitter_card":"summary_large_image","twitter_misc":{"Dur\u00e9e de lecture estim\u00e9e":"12 minutes"},"schema":{"@context":"https:\/\/schema.org","@graph":[{"@type":"WebPage","@id":"https:\/\/carenza-brown.com\/fr\/project\/marbrerie-des-yvelines\/","url":"https:\/\/carenza-brown.com\/fr\/project\/marbrerie-des-yvelines\/","name":"Marbrerie des yvelines - Carenza Brown - Communication digitale","isPartOf":{"@id":"https:\/\/carenza-brown.com\/fr\/#website"},"datePublished":"2023-03-23T13:32:17+00:00","dateModified":"2025-10-25T16:25:49+00:00","description":"Nous avons modernis\u00e9 l'image de marque MDY gr\u00e2ce \u00e0 une strat\u00e9gie de communication compl\u00e8te, en repensant le site web, l'identit\u00e9 visuelle et la pr\u00e9sence sur les r\u00e9seaux sociaux.","breadcrumb":{"@id":"https:\/\/carenza-brown.com\/fr\/project\/marbrerie-des-yvelines\/#breadcrumb"},"inLanguage":"fr-FR","potentialAction":[{"@type":"ReadAction","target":["https:\/\/carenza-brown.com\/fr\/project\/marbrerie-des-yvelines\/"]}]},{"@type":"BreadcrumbList","@id":"https:\/\/carenza-brown.com\/fr\/project\/marbrerie-des-yvelines\/#breadcrumb","itemListElement":[{"@type":"ListItem","position":1,"name":"Home","item":"https:\/\/carenza-brown.com\/fr\/page-principale\/"},{"@type":"ListItem","position":2,"name":"Projets","item":"https:\/\/carenza-brown.com\/fr\/project\/"},{"@type":"ListItem","position":3,"name":"Marbrerie des yvelines"}]},{"@type":"WebSite","@id":"https:\/\/carenza-brown.com\/fr\/#website","url":"https:\/\/carenza-brown.com\/fr\/","name":"Carenza Brown - Communication digitale","description":"Gestion &amp; animation de r\u00e9seaux sociaux et site web","publisher":{"@id":"https:\/\/carenza-brown.com\/fr\/#organization"},"potentialAction":[{"@type":"SearchAction","target":{"@type":"EntryPoint","urlTemplate":"https:\/\/carenza-brown.com\/fr\/?s={search_term_string}"},"query-input":{"@type":"PropertyValueSpecification","valueRequired":true,"valueName":"search_term_string"}}],"inLanguage":"fr-FR"},{"@type":"Organization","@id":"https:\/\/carenza-brown.com\/fr\/#organization","name":"Carenza Brown - Communication digitale","url":"https:\/\/carenza-brown.com\/fr\/","logo":{"@type":"ImageObject","inLanguage":"fr-FR","@id":"https:\/\/carenza-brown.com\/fr\/#\/schema\/logo\/image\/","url":"https:\/\/carenza-brown.com\/wp-content\/uploads\/2024\/05\/carenza-brown-logo-3.png","contentUrl":"https:\/\/carenza-brown.com\/wp-content\/uploads\/2024\/05\/carenza-brown-logo-3.png","width":1366,"height":355,"caption":"Carenza Brown - Communication digitale"},"image":{"@id":"https:\/\/carenza-brown.com\/fr\/#\/schema\/logo\/image\/"}}]}},"_links":{"self":[{"href":"https:\/\/carenza-brown.com\/fr\/wp-json\/wp\/v2\/project\/956","targetHints":{"allow":["GET"]}}],"collection":[{"href":"https:\/\/carenza-brown.com\/fr\/wp-json\/wp\/v2\/project"}],"about":[{"href":"https:\/\/carenza-brown.com\/fr\/wp-json\/wp\/v2\/types\/project"}],"author":[{"embeddable":true,"href":"https:\/\/carenza-brown.com\/fr\/wp-json\/wp\/v2\/users\/1"}],"replies":[{"embeddable":true,"href":"https:\/\/carenza-brown.com\/fr\/wp-json\/wp\/v2\/comments?post=956"}],"version-history":[{"count":0,"href":"https:\/\/carenza-brown.com\/fr\/wp-json\/wp\/v2\/project\/956\/revisions"}],"wp:attachment":[{"href":"https:\/\/carenza-brown.com\/fr\/wp-json\/wp\/v2\/media?parent=956"}],"wp:term":[{"taxonomy":"project_category","embeddable":true,"href":"https:\/\/carenza-brown.com\/fr\/wp-json\/wp\/v2\/project_category?post=956"},{"taxonomy":"project_tag","embeddable":true,"href":"https:\/\/carenza-brown.com\/fr\/wp-json\/wp\/v2\/project_tag?post=956"}],"curies":[{"name":"wp","href":"https:\/\/api.w.org\/{rel}","templated":true}]}}